{"id":82070,"date":"2021-07-26T15:12:56","date_gmt":"2021-07-26T13:12:56","guid":{"rendered":"https:\/\/www.fincafuentillezjos.com\/?page_id=82070"},"modified":"2021-07-26T15:12:59","modified_gmt":"2021-07-26T13:12:59","slug":"experiences","status":"publish","type":"page","link":"https:\/\/www.fincafuentillezjos.com\/en\/experiences\/","title":{"rendered":"Experiences"},"content":{"rendered":"<div class=\"wpb-content-wrapper\"><p>[vc_row unlock_row_content=&#8221;yes&#8221; row_height_percent=&#8221;0&#8243; override_padding=&#8221;yes&#8221; h_padding=&#8221;2&#8243; top_padding=&#8221;4&#8243; bottom_padding=&#8221;4&#8243; back_color=&#8221;color-xsdn&#8221; overlay_color=&#8221;color-xsdn&#8221; overlay_alpha=&#8221;95&#8243; gutter_size=&#8221;3&#8243; column_width_percent=&#8221;100&#8243; shift_y=&#8221;0&#8243; z_index=&#8221;0&#8243; el_class=&#8221;cont-dest-home&#8221;][vc_column column_width_percent=&#8221;75&#8243; position_vertical=&#8221;middle&#8221; align_horizontal=&#8221;align_center&#8221; gutter_size=&#8221;3&#8243; overlay_alpha=&#8221;50&#8243; shift_x=&#8221;0&#8243; shift_y=&#8221;0&#8243; shift_y_down=&#8221;0&#8243; z_index=&#8221;0&#8243; medium_width=&#8221;0&#8243; mobile_width=&#8221;0&#8243; width=&#8221;1\/1&#8243;][vc_row_inner limit_content=&#8221;&#8221;][vc_column_inner column_width_percent=&#8221;65&#8243; align_horizontal=&#8221;align_center&#8221; gutter_size=&#8221;3&#8243; overlay_alpha=&#8221;50&#8243; shift_x=&#8221;0&#8243; shift_y=&#8221;0&#8243; shift_y_down=&#8221;0&#8243; z_index=&#8221;0&#8243; medium_width=&#8221;0&#8243; mobile_width=&#8221;0&#8243; width=&#8221;1\/1&#8243;][vc_custom_heading heading_semantic=&#8221;h1&#8243; text_size=&#8221;h1&#8243; text_weight=&#8221;700&#8243; text_color=&#8221;ff-blue-dark&#8221; separator=&#8221;yes&#8221; separator_color=&#8221;yes&#8221;]Fuenti Experiencias[\/vc_custom_heading][vc_custom_heading heading_semantic=&#8221;h3&#8243; text_size=&#8221;h3&#8243; text_weight=&#8221;700&#8243;]Visita a la Finca y cata en la queser\u00eda[\/vc_custom_heading][vc_custom_heading heading_semantic=&#8221;h5&#8243; text_size=&#8221;h5&#8243; text_weight=&#8221;400&#8243; text_color=&#8221;color-wvjs&#8221;]<\/p>\n<p style=\"text-align: center;\">Ven a conocernos. Te mostraremos la <strong>finca y las ovejas, <\/strong>conocer\u00e1s el proceso de elaboraci\u00f3n del exquisito <strong>queso manchego ecol\u00f3gico<\/strong> de la Finca Fuentillezjos. Una vivencia para sumergirse en el mundo rural<\/p>\n<p>[\/vc_custom_heading][vc_button button_color=&#8221;accent&#8221; wide=&#8221;yes&#8221; border_width=&#8221;0&#8243; link=&#8221;url:%23form-experiencia|||&#8221;]Reservar experiencia[\/vc_button][\/vc_column_inner][\/vc_row_inner][\/vc_column][\/vc_row][vc_row row_height_percent=&#8221;0&#8243; override_padding=&#8221;yes&#8221; h_padding=&#8221;0&#8243; top_padding=&#8221;3&#8243; bottom_padding=&#8221;3&#8243; back_image=&#8221;80343&#8243; back_position=&#8221;left bottom&#8221; overlay_color=&#8221;color-xsdn&#8221; overlay_alpha=&#8221;0&#8243; gutter_size=&#8221;3&#8243; column_width_percent=&#8221;100&#8243; shift_y=&#8221;0&#8243; z_index=&#8221;0&#8243; row_name=&#8221;Highlights&#8221; el_class=&#8221;.cont-ficha-producto&#8221;][vc_column column_width_percent=&#8221;100&#8243; position_vertical=&#8221;middle&#8221; gutter_size=&#8221;3&#8243; override_padding=&#8221;yes&#8221; column_padding=&#8221;2&#8243; overlay_alpha=&#8221;50&#8243; shift_x=&#8221;0&#8243; shift_y=&#8221;0&#8243; medium_width=&#8221;4&#8243; zoom_width=&#8221;0&#8243; zoom_height=&#8221;0&#8243; width=&#8221;1\/2&#8243;][\/vc_column][vc_column column_width_percent=&#8221;100&#8243; position_vertical=&#8221;middle&#8221; gutter_size=&#8221;3&#8243; back_color=&#8221;color-xsdn&#8221; overlay_alpha=&#8221;0&#8243; shift_x=&#8221;0&#8243; shift_y=&#8221;0&#8243; shift_y_down=&#8221;0&#8243; z_index=&#8221;0&#8243; medium_width=&#8221;4&#8243; mobile_width=&#8221;0&#8243; zoom_width=&#8221;0&#8243; zoom_height=&#8221;0&#8243; width=&#8221;1\/2&#8243;][vc_icon position=&#8221;left&#8221; title_aligned_icon=&#8221;yes&#8221; icon=&#8221;fa fa-envira&#8221; icon_color=&#8221;accent&#8221; size=&#8221;fa-2x&#8221; heading_semantic=&#8221;h5&#8243; text_size=&#8221;h5&#8243; css_animation=&#8221;left-t-right&#8221; animation_delay=&#8221;200&#8243; title=&#8221;Tipo de visita&#8221;]Visita guiada con degustaci\u00f3n.[\/vc_icon][vc_separator][vc_icon position=&#8221;left&#8221; title_aligned_icon=&#8221;yes&#8221; icon=&#8221;fa fa-clock-o&#8221; icon_color=&#8221;accent&#8221; size=&#8221;fa-2x&#8221; heading_semantic=&#8221;h5&#8243; text_size=&#8221;h5&#8243; css_animation=&#8221;left-t-right&#8221; animation_delay=&#8221;400&#8243; title=&#8221;Horario&#8221;]<\/p>\n<ul>\n<li>Se requiere cita previa.<\/li>\n<li>Antelaci\u00f3n m\u00ednima para hacer la reserva: 3 d\u00edas.<\/li>\n<li>De lunes a domingo de 08:00 h a 18:00 h en verano.<br \/>\nEn invierno de 09:00 h a 17:00 h.<\/li>\n<li><strong>Duraci\u00f3n experiencia:<\/strong> 1h 30&#8242;<\/li>\n<\/ul>\n<p>[\/vc_icon][vc_separator][vc_icon position=&#8221;left&#8221; title_aligned_icon=&#8221;yes&#8221; icon=&#8221;fa fa-location2&#8243; icon_color=&#8221;accent&#8221; size=&#8221;fa-2x&#8221; heading_semantic=&#8221;h5&#8243; text_size=&#8221;h5&#8243; css_animation=&#8221;left-t-right&#8221; animation_delay=&#8221;600&#8243; title=&#8221;Localidad&#8221;]Ctra. Alarcos a Corral de Calatrava, km. 4,5<br \/>\n13195 &#8211; Poblete, Ciudad Real<br \/>\nCastilla-La Mancha, Espa\u00f1a[\/vc_icon][vc_separator][vc_icon position=&#8221;left&#8221; title_aligned_icon=&#8221;yes&#8221; icon=&#8221;fa fa-group&#8221; icon_color=&#8221;accent&#8221; size=&#8221;fa-2x&#8221; heading_semantic=&#8221;h5&#8243; text_size=&#8221;h5&#8243; css_animation=&#8221;left-t-right&#8221; animation_delay=&#8221;800&#8243; title=&#8221;Visitantes&#8221;]4 &#8211; 20 personas[\/vc_icon][vc_separator][vc_icon position=&#8221;left&#8221; title_aligned_icon=&#8221;yes&#8221; icon=&#8221;fa fa-eur&#8221; icon_color=&#8221;accent&#8221; size=&#8221;fa-2x&#8221; heading_semantic=&#8221;h5&#8243; text_size=&#8221;h5&#8243; css_animation=&#8221;left-t-right&#8221; animation_delay=&#8221;1000&#8243; title=&#8221;Tarifas&#8221;]<\/p>\n<ul>\n<li>Adultos: 14,00 \u20ac \/ persona.<\/li>\n<li>Ni\u00f1os de edad comprendida entre 5 \u2013 12 a\u00f1os:<br \/>\nDescuento del 50%<\/li>\n<li>Ni\u00f1os de edad comprendida entre 0 \u2013 4 a\u00f1os: Gratuitas<\/li>\n<\/ul>\n<p>[\/vc_icon][vc_separator][vc_icon position=&#8221;left&#8221; title_aligned_icon=&#8221;yes&#8221; icon=&#8221;fa fa-info-circle&#8221; icon_color=&#8221;accent&#8221; size=&#8221;fa-2x&#8221; heading_semantic=&#8221;h5&#8243; text_size=&#8221;h5&#8243; css_animation=&#8221;left-t-right&#8221; animation_delay=&#8221;1200&#8243; title=&#8221;Idiomas&#8221;]Espa\u00f1ol e Ingl\u00e9s<br \/>\nOtros idiomas: consultar[\/vc_icon][\/vc_column][\/vc_row][vc_row unlock_row_content=&#8221;yes&#8221; row_height_percent=&#8221;0&#8243; override_padding=&#8221;yes&#8221; h_padding=&#8221;2&#8243; top_padding=&#8221;4&#8243; bottom_padding=&#8221;4&#8243; back_color=&#8221;color-lxmt&#8221; overlay_alpha=&#8221;0&#8243; gutter_size=&#8221;3&#8243; column_width_percent=&#8221;100&#8243; shift_y=&#8221;0&#8243; z_index=&#8221;0&#8243; row_name=&#8221;Gallery&#8221;][vc_column column_width_use_pixel=&#8221;yes&#8221; align_horizontal=&#8221;align_center&#8221; gutter_size=&#8221;3&#8243; style=&#8221;dark&#8221; overlay_alpha=&#8221;50&#8243; shift_x=&#8221;0&#8243; shift_y=&#8221;0&#8243; medium_width=&#8221;0&#8243; zoom_width=&#8221;0&#8243; zoom_height=&#8221;0&#8243; column_width_pixel=&#8221;1400&#8243;][vc_gallery el_id=&#8221;gallery-47626&#8243; type=&#8221;carousel&#8221; medias=&#8221;81347,81318,80684,80682,81264,80498,80513,80506&#8243; carousel_lg=&#8221;3&#8243; carousel_md=&#8221;2&#8243; carousel_sm=&#8221;1&#8243; thumb_size=&#8221;one-one&#8221; gutter_size=&#8221;2&#8243; media_items=&#8221;media,icon&#8221; carousel_interval=&#8221;3000&#8243; carousel_navspeed=&#8221;400&#8243; carousel_nav=&#8221;yes&#8221; carousel_dots=&#8221;yes&#8221; stage_padding=&#8221;0&#8243; single_overlay_opacity=&#8221;50&#8243; single_image_anim=&#8221;no&#8221; single_h_align=&#8221;center&#8221; single_padding=&#8221;2&#8243; single_icon=&#8221;fa fa-search3&#8243; single_shadow=&#8221;yes&#8221; single_border=&#8221;yes&#8221; carousel_rtl=&#8221;&#8221; single_title_uppercase=&#8221;&#8221; el_class=&#8221;galeria-ficha-producto&#8221;][\/vc_column][\/vc_row][vc_row unlock_row_content=&#8221;yes&#8221; row_height_percent=&#8221;0&#8243; override_padding=&#8221;yes&#8221; h_padding=&#8221;2&#8243; top_padding=&#8221;4&#8243; bottom_padding=&#8221;4&#8243; back_color=&#8221;color-xsdn&#8221; overlay_color=&#8221;color-xsdn&#8221; overlay_alpha=&#8221;95&#8243; gutter_size=&#8221;3&#8243; column_width_percent=&#8221;100&#8243; shift_y=&#8221;0&#8243; z_index=&#8221;0&#8243; el_class=&#8221;cont-dest-home&#8221;][vc_column column_width_percent=&#8221;85&#8243; position_vertical=&#8221;middle&#8221; align_horizontal=&#8221;align_center&#8221; gutter_size=&#8221;3&#8243; overlay_alpha=&#8221;50&#8243; shift_x=&#8221;0&#8243; shift_y=&#8221;0&#8243; shift_y_down=&#8221;0&#8243; z_index=&#8221;0&#8243; medium_width=&#8221;0&#8243; mobile_width=&#8221;0&#8243; width=&#8221;1\/1&#8243;][vc_row_inner row_inner_height_percent=&#8221;0&#8243; overlay_alpha=&#8221;50&#8243; gutter_size=&#8221;0&#8243; shift_y=&#8221;0&#8243; z_index=&#8221;0&#8243; limit_content=&#8221;&#8221;][vc_column_inner column_width_percent=&#8221;90&#8243; align_horizontal=&#8221;align_center&#8221; gutter_size=&#8221;3&#8243; overlay_alpha=&#8221;50&#8243; shift_x=&#8221;0&#8243; shift_y=&#8221;0&#8243; shift_y_down=&#8221;0&#8243; z_index=&#8221;0&#8243; medium_width=&#8221;0&#8243; mobile_width=&#8221;0&#8243; width=&#8221;2\/4&#8243;][vc_custom_heading heading_semantic=&#8221;h5&#8243; text_size=&#8221;h5&#8243; text_weight=&#8221;400&#8243; text_color=&#8221;color-wvjs&#8221;]<\/p>\n<p style=\"text-align: left;\"><strong>Bienvenida\/o a la Finca Fuentillezjos.\u00a0<\/strong>Queremos que te sientas parte de la Finca. Intentaremos explicarte en profundidad cada paso en la elaboraci\u00f3n del queso, cada momento en la vida de las ovejas y cada una de las labores que llevamos a cabo quienes trabajamos aqu\u00ed. Seguidamente disfrutar\u00e1s de una <strong>cata de queso manchego ecol\u00f3gico maridado con vinos de la tierra.<\/strong><\/p>\n<p style=\"text-align: left;\">Desde siempre, nuestra principal raz\u00f3n de ser fue la \u00a0<strong>cr\u00eda de ovejas de raza manchega ecol\u00f3gicas <\/strong>, (desde hace m\u00e1s de medio siglo). En este tiempo, adem\u00e1s, hemos aprendido con gran esfuerzo, conocimientos y tradiciones a elaborar quesos ecol\u00f3gicos, respetando la tierra, la biodiversidad y la cultura del entorno.<\/p>\n<p style=\"text-align: left;\">Fuimos la\u00a0<strong>primera ganader\u00eda ecol\u00f3gica de la provincia de Ciudad Real<\/strong>, tambi\u00e9n <strong>el primer queso manchego DOP ecol\u00f3gico del mundo.<\/strong><\/p>\n<p style=\"text-align: left;\">Estamos en pleno<strong>Campo de Calatrava<\/strong>, el lugar de la pen\u00ednsula ib\u00e9rica con m\u00e1s monumentos volc\u00e1nicos, frente a los meandros del r\u00edo Guadiana.<\/p>\n<p style=\"text-align: left;\">El paisaje de la finca es muy tranquilo, su belleza reside justamente en esa serenidad que solo se rompe por la espectacularidad de sus cielos.<\/p>\n<p style=\"text-align: left;\">A lo largo de 300 hect\u00e1reas, <strong>cultivamos el alimento <\/strong>de las ovejas y les queda tierra para que vivan tranquilas en un cuidado modelo extensivo.<\/p>\n<p>[\/vc_custom_heading][vc_empty_space empty_h=&#8221;2&#8243;][\/vc_column_inner][vc_column_inner column_width_percent=&#8221;100&#8243; gutter_size=&#8221;3&#8243; overlay_alpha=&#8221;50&#8243; shift_x=&#8221;0&#8243; shift_y=&#8221;0&#8243; shift_y_down=&#8221;0&#8243; z_index=&#8221;0&#8243; medium_width=&#8221;0&#8243; mobile_width=&#8221;0&#8243; width=&#8221;2\/4&#8243; el_id=&#8221;form-experiencia&#8221;]\n<div class=\"wpcf7 no-js\" id=\"wpcf7-f81492-o1\" lang=\"es-ES\" dir=\"ltr\" data-wpcf7-id=\"81492\">\n<div class=\"screen-reader-response\"><p role=\"status\" aria-live=\"polite\" aria-atomic=\"true\"><\/p> <ul><\/ul><\/div>\n<form action=\"\/en\/wp-json\/wp\/v2\/pages\/82070#wpcf7-f81492-o1\" method=\"post\" class=\"wpcf7-form init\" aria-label=\"Formulario de contacto\" novalidate=\"novalidate\" data-status=\"init\">\n<fieldset class=\"hidden-fields-container\"><input type=\"hidden\" name=\"_wpcf7\" value=\"81492\" \/><input type=\"hidden\" name=\"_wpcf7_version\" value=\"6.1.3\" \/><input type=\"hidden\" name=\"_wpcf7_locale\" value=\"es_ES\" \/><input type=\"hidden\" name=\"_wpcf7_unit_tag\" value=\"wpcf7-f81492-o1\" \/><input type=\"hidden\" name=\"_wpcf7_container_post\" value=\"0\" \/><input type=\"hidden\" name=\"_wpcf7_posted_data_hash\" value=\"\" \/><input type=\"hidden\" name=\"_wpcf7_recaptcha_response\" value=\"\" \/>\n<\/fieldset>\n<div class=\"wpcf7-inline-wrapper\">\n\t<p class=\"wpcf7-inline-field\"><span class=\"wpcf7-form-control-wrap\" data-name=\"your-name\"><input size=\"40\" maxlength=\"400\" class=\"wpcf7-form-control wpcf7-text wpcf7-validates-as-required\" aria-required=\"true\" aria-invalid=\"false\" placeholder=\"Nombre *\" value=\"\" type=\"text\" name=\"your-name\" \/><\/span>\n\t<\/p>\n\t<p class=\"wpcf7-inline-field\"><span class=\"wpcf7-form-control-wrap\" data-name=\"your-surname\"><input size=\"40\" maxlength=\"400\" class=\"wpcf7-form-control wpcf7-text wpcf7-validates-as-required\" aria-required=\"true\" aria-invalid=\"false\" placeholder=\"Apellidos *\" value=\"\" type=\"text\" name=\"your-surname\" \/><\/span>\n\t<\/p>\n<\/div>\n<div class=\"wpcf7-inline-wrapper\">\n\t<p class=\"wpcf7-inline-field\"><span class=\"wpcf7-form-control-wrap\" data-name=\"email-data\"><input size=\"40\" maxlength=\"400\" class=\"wpcf7-form-control wpcf7-email wpcf7-validates-as-required wpcf7-text wpcf7-validates-as-email\" aria-required=\"true\" aria-invalid=\"false\" placeholder=\"Email *\" value=\"\" type=\"email\" name=\"email-data\" \/><\/span>\n\t<\/p>\n\t<p class=\"wpcf7-inline-field\"><span class=\"wpcf7-form-control-wrap\" data-name=\"your-phone\"><input size=\"40\" maxlength=\"400\" class=\"wpcf7-form-control wpcf7-text wpcf7-validates-as-required\" aria-required=\"true\" aria-invalid=\"false\" placeholder=\"Tel\u00e9fono *\" value=\"\" type=\"text\" name=\"your-phone\" \/><\/span>\n\t<\/p>\n<\/div>\n<div class=\"wpcf7-inline-wrapper\">\n\t<p class=\"wpcf7-inline-field\"><span class=\"wpcf7-form-control-wrap\" data-name=\"your-company\"><input size=\"40\" maxlength=\"400\" class=\"wpcf7-form-control wpcf7-text\" aria-invalid=\"false\" placeholder=\"Empresa\" value=\"\" type=\"text\" name=\"your-company\" \/><\/span>\n\t<\/p>\n\t<p class=\"wpcf7-inline-field\"><span class=\"wpcf7-form-control-wrap\" data-name=\"way-to-pay\"><select class=\"wpcf7-form-control wpcf7-select wpcf7-validates-as-required\" aria-required=\"true\" aria-invalid=\"false\" name=\"way-to-pay\"><option value=\"Elige forma de pago *\">Elige forma de pago *<\/option><option value=\"Pagar en la finca\">Pagar en la finca<\/option><option value=\"Pagar online\">Pagar online<\/option><\/select><\/span>\n\t<\/p>\n<\/div>\n<p><span class=\"wpcf7-form-control-wrap\" data-name=\"your-message\"><textarea cols=\"40\" rows=\"10\" maxlength=\"2000\" class=\"wpcf7-form-control wpcf7-textarea\" aria-invalid=\"false\" placeholder=\"Cu\u00e9ntanos ...\" name=\"your-message\"><\/textarea><\/span>\n<\/p>\n<div class=\"column2 legal-info\">\n\t<p style=\"margin-bottom:10px;\"><strong>Informaci\u00f3n b\u00e1sica sobre protecci\u00f3n de datos de car\u00e1cter personal<\/strong><br \/>\n<strong>Responsable:<\/strong> FINCA FUENTILLEZJOS<br \/>\n<strong>Finalidad:<\/strong> Proporcionarle informaci\u00f3n comercial de productos y servicios de la empresa.<br \/>\n<strong>Legitimaci\u00f3n:<\/strong> Consentimiento del interesado.<br \/>\n<strong>Destinatarios:<\/strong> Ninguno, salvo obligaci\u00f3n legal.<br \/>\n<strong>Derechos:<\/strong> Acceso, rectificaci\u00f3n, supresi\u00f3n, oposici\u00f3n, limitaci\u00f3n al tratamiento, portabilidad y presentar una reclamaci\u00f3n ante la Agencia Espa\u00f1ola de Protecci\u00f3n de Datos.<br \/>\n<strong>Informaci\u00f3n adicional:<\/strong> Puede consultar m\u00e1s informaci\u00f3n en nuestra <a href=\"\/politica-de-privacidad\" target=\"_blank\" title=\"Pol\u00edtica de Privacidad\">Pol\u00edtica de Privacidad<\/a>\n\t<\/p>\n\t<div class=\"check-legal\">\n\t\t<p><span class=\"wpcf7-form-control-wrap\" data-name=\"accept-this-1\"><span class=\"wpcf7-form-control wpcf7-acceptance\"><span class=\"wpcf7-list-item\"><label><input type=\"checkbox\" name=\"accept-this-1\" value=\"1\" aria-invalid=\"false\" \/><span class=\"wpcf7-list-item-label\">He le\u00eddo y acepto la <a href=\"\/politica-de-privacidad\" target=\"_blank\" title=\"Pol\u00edtica de Privacidad\">Pol\u00edtica de Privacidad<\/a>.<\/span><\/label><\/span><\/span><\/span>\n\t\t<\/p>\n\t<\/div>\n<\/div>\n<p><input class=\"wpcf7-form-control wpcf7-submit has-spinner btn btn-accent btn-block\" type=\"submit\" value=\"Enviar\" \/>\n<\/p><div class=\"wpcf7-response-output\" aria-hidden=\"true\"><\/div>\n<\/form>\n<\/div>\n[\/vc_column_inner][\/vc_row_inner][vc_single_image media=&#8221;81399&#8243; media_width_use_pixel=&#8221;yes&#8221; alignment=&#8221;center&#8221; css_animation=&#8221;alpha-anim&#8221; animation_delay=&#8221;100&#8243; media_width_pixel=&#8221;200&#8243;][\/vc_column][\/vc_row][vc_row unlock_row_content=&#8221;yes&#8221; row_height_percent=&#8221;0&#8243; override_padding=&#8221;yes&#8221; h_padding=&#8221;0&#8243; top_padding=&#8221;0&#8243; bottom_padding=&#8221;0&#8243; back_color=&#8221;color-lxmt&#8221; overlay_alpha=&#8221;100&#8243; gutter_size=&#8221;100&#8243; column_width_percent=&#8221;100&#8243; shift_y=&#8221;0&#8243; z_index=&#8221;0&#8243; style=&#8221;inherited&#8221;][vc_column column_width_percent=&#8221;100&#8243; align_horizontal=&#8221;align_center&#8221; gutter_size=&#8221;3&#8243; overlay_alpha=&#8221;50&#8243; shift_x=&#8221;0&#8243; shift_y=&#8221;0&#8243; shift_y_down=&#8221;0&#8243; z_index=&#8221;0&#8243; medium_width=&#8221;0&#8243; mobile_width=&#8221;0&#8243; zoom_width=&#8221;0&#8243; zoom_height=&#8221;0&#8243; width=&#8221;1\/1&#8243;][vc_gmaps ui_color=&#8221;accent&#8221; zoom=&#8221;14&#8243; map_saturation=&#8221;-20&#8243; map_brightness=&#8221;5&#8243; address=&#8221;Ctra. Alarcos a Corral de Calatrava, km. 4,5 \/\/ 13195 &#8211; Poblete \/\/ Castilla-La Mancha, Espa\u00f1a.&#8221; latlon=&#8221;38.923108,-4.036260&#8243; size=&#8221;600&#8243;][\/vc_column][\/vc_row][vc_row row_height_percent=&#8221;0&#8243; override_padding=&#8221;yes&#8221; h_padding=&#8221;2&#8243; top_padding=&#8221;4&#8243; bottom_padding=&#8221;4&#8243; overlay_alpha=&#8221;50&#8243; gutter_size=&#8221;3&#8243; column_width_percent=&#8221;100&#8243; shift_y=&#8221;0&#8243; z_index=&#8221;0&#8243; desktop_visibility=&#8221;yes&#8221; medium_visibility=&#8221;yes&#8221; mobile_visibility=&#8221;yes&#8221; inverted_device_order=&#8221;yes&#8221;][vc_column width=&#8221;1\/1&#8243;][vc_row_inner limit_content=&#8221;&#8221;][vc_column_inner column_width_percent=&#8221;65&#8243; align_horizontal=&#8221;align_center&#8221; gutter_size=&#8221;3&#8243; overlay_alpha=&#8221;50&#8243; shift_x=&#8221;0&#8243; shift_y=&#8221;0&#8243; shift_y_down=&#8221;0&#8243; z_index=&#8221;0&#8243; medium_width=&#8221;0&#8243; mobile_width=&#8221;0&#8243; width=&#8221;1\/1&#8243;][vc_custom_heading heading_semantic=&#8221;h3&#8243; text_size=&#8221;h3&#8243; text_weight=&#8221;700&#8243; separator=&#8221;yes&#8221; separator_color=&#8221;yes&#8221;]Pru\u00e9balo en uno de estos packs[\/vc_custom_heading][\/vc_column_inner][\/vc_row_inner]<div class=\"woocommerce columns-3 \"><\/div>[\/vc_column][\/vc_row]<\/p>\n<\/div>","protected":false},"excerpt":{"rendered":"<p>[vc_row unlock_row_content=&#8221;yes&#8221; row_height_percent=&#8221;0&#8243; override_padding=&#8221;yes&#8221; h_padding=&#8221;2&#8243; top_padding=&#8221;4&#8243; bottom_padding=&#8221;4&#8243; back_color=&#8221;color-xsdn&#8221; overlay_color=&#8221;color-xsdn&#8221; overlay_alpha=&#8221;95&#8243; gutter_size=&#8221;3&#8243; column_width_percent=&#8221;100&#8243; shift_y=&#8221;0&#8243; z_index=&#8221;0&#8243; el_class=&#8221;cont-dest-home&#8221;][vc_column column_width_percent=&#8221;75&#8243; position_vertical=&#8221;middle&#8221; align_horizontal=&#8221;align_center&#8221; gutter_size=&#8221;3&#8243; overlay_alpha=&#8221;50&#8243; [&hellip;]<\/p>\n","protected":false},"author":2,"featured_media":80695,"parent":0,"menu_order":0,"comment_status":"open","ping_status":"closed","template":"","meta":{"footnotes":""},"class_list":["post-82070","page","type-page","status-publish","has-post-thumbnail","hentry","page_category-productos-en"],"yoast_head":"<!-- This site is optimized with the Yoast SEO plugin v26.4 - https:\/\/yoast.com\/wordpress\/plugins\/seo\/ -->\n<title>Experiences - Finca Fuentillezjos: Queso Ecol\u00f3gico de Oveja<\/title>\n<meta name=\"robots\" content=\"index, follow, max-snippet:-1, max-image-preview:large, max-video-preview:-1\" \/>\n<link rel=\"canonical\" href=\"https:\/\/www.fincafuentillezjos.com\/en\/experiences\/\" \/>\n<meta property=\"og:locale\" content=\"en_US\" \/>\n<meta property=\"og:type\" content=\"article\" \/>\n<meta property=\"og:title\" content=\"Experiences - Finca Fuentillezjos: Queso Ecol\u00f3gico de Oveja\" \/>\n<meta property=\"og:description\" content=\"[vc_row unlock_row_content=&#8221;yes&#8221; row_height_percent=&#8221;0&#8243; override_padding=&#8221;yes&#8221; h_padding=&#8221;2&#8243; top_padding=&#8221;4&#8243; bottom_padding=&#8221;4&#8243; back_color=&#8221;color-xsdn&#8221; overlay_color=&#8221;color-xsdn&#8221; overlay_alpha=&#8221;95&#8243; gutter_size=&#8221;3&#8243; column_width_percent=&#8221;100&#8243; shift_y=&#8221;0&#8243; z_index=&#8221;0&#8243; el_class=&#8221;cont-dest-home&#8221;][vc_column column_width_percent=&#8221;75&#8243; position_vertical=&#8221;middle&#8221; align_horizontal=&#8221;align_center&#8221; gutter_size=&#8221;3&#8243; overlay_alpha=&#8221;50&#8243; [&hellip;]\" \/>\n<meta property=\"og:url\" content=\"https:\/\/www.fincafuentillezjos.com\/en\/experiences\/\" \/>\n<meta property=\"og:site_name\" content=\"Finca Fuentillezjos: Queso Ecol\u00f3gico de Oveja\" \/>\n<meta property=\"article:modified_time\" content=\"2021-07-26T13:12:59+00:00\" \/>\n<meta property=\"og:image\" content=\"https:\/\/www.fincafuentillezjos.com\/wp-content\/uploads\/2020\/03\/dest-template.jpg\" \/>\n\t<meta property=\"og:image:width\" content=\"300\" \/>\n\t<meta property=\"og:image:height\" content=\"300\" \/>\n\t<meta property=\"og:image:type\" content=\"image\/jpeg\" \/>\n<meta name=\"twitter:card\" content=\"summary_large_image\" \/>\n<meta name=\"twitter:label1\" content=\"Est. reading time\" \/>\n\t<meta name=\"twitter:data1\" content=\"4 minutes\" \/>\n<script type=\"application\/ld+json\" class=\"yoast-schema-graph\">{\"@context\":\"https:\/\/schema.org\",\"@graph\":[{\"@type\":\"WebPage\",\"@id\":\"https:\/\/www.fincafuentillezjos.com\/en\/experiences\/\",\"url\":\"https:\/\/www.fincafuentillezjos.com\/en\/experiences\/\",\"name\":\"Experiences - Finca Fuentillezjos: Queso Ecol\u00f3gico de Oveja\",\"isPartOf\":{\"@id\":\"https:\/\/www.fincafuentillezjos.com\/en\/#website\"},\"primaryImageOfPage\":{\"@id\":\"https:\/\/www.fincafuentillezjos.com\/en\/experiences\/#primaryimage\"},\"image\":{\"@id\":\"https:\/\/www.fincafuentillezjos.com\/en\/experiences\/#primaryimage\"},\"thumbnailUrl\":\"https:\/\/i0.wp.com\/www.fincafuentillezjos.com\/wp-content\/uploads\/2020\/03\/dest-template.jpg?fit=300%2C300&ssl=1\",\"datePublished\":\"2021-07-26T13:12:56+00:00\",\"dateModified\":\"2021-07-26T13:12:59+00:00\",\"breadcrumb\":{\"@id\":\"https:\/\/www.fincafuentillezjos.com\/en\/experiences\/#breadcrumb\"},\"inLanguage\":\"en-US\",\"potentialAction\":[{\"@type\":\"ReadAction\",\"target\":[\"https:\/\/www.fincafuentillezjos.com\/en\/experiences\/\"]}]},{\"@type\":\"ImageObject\",\"inLanguage\":\"en-US\",\"@id\":\"https:\/\/www.fincafuentillezjos.com\/en\/experiences\/#primaryimage\",\"url\":\"https:\/\/i0.wp.com\/www.fincafuentillezjos.com\/wp-content\/uploads\/2020\/03\/dest-template.jpg?fit=300%2C300&ssl=1\",\"contentUrl\":\"https:\/\/i0.wp.com\/www.fincafuentillezjos.com\/wp-content\/uploads\/2020\/03\/dest-template.jpg?fit=300%2C300&ssl=1\",\"width\":300,\"height\":300},{\"@type\":\"BreadcrumbList\",\"@id\":\"https:\/\/www.fincafuentillezjos.com\/en\/experiences\/#breadcrumb\",\"itemListElement\":[{\"@type\":\"ListItem\",\"position\":1,\"name\":\"Portada\",\"item\":\"https:\/\/www.fincafuentillezjos.com\/en\/\"},{\"@type\":\"ListItem\",\"position\":2,\"name\":\"Experiences\"}]},{\"@type\":\"WebSite\",\"@id\":\"https:\/\/www.fincafuentillezjos.com\/en\/#website\",\"url\":\"https:\/\/www.fincafuentillezjos.com\/en\/\",\"name\":\"Finca Fuentillezjos: Queso Ecol\u00f3gico de Oveja\",\"description\":\"Queso Ecol\u00f3gico de Oveja de la Finca Fuentillezjos\",\"publisher\":{\"@id\":\"https:\/\/www.fincafuentillezjos.com\/en\/#organization\"},\"potentialAction\":[{\"@type\":\"SearchAction\",\"target\":{\"@type\":\"EntryPoint\",\"urlTemplate\":\"https:\/\/www.fincafuentillezjos.com\/en\/?s={search_term_string}\"},\"query-input\":{\"@type\":\"PropertyValueSpecification\",\"valueRequired\":true,\"valueName\":\"search_term_string\"}}],\"inLanguage\":\"en-US\"},{\"@type\":\"Organization\",\"@id\":\"https:\/\/www.fincafuentillezjos.com\/en\/#organization\",\"name\":\"Finca Fuentillezjos | Manchego Bio\",\"url\":\"https:\/\/www.fincafuentillezjos.com\/en\/\",\"logo\":{\"@type\":\"ImageObject\",\"inLanguage\":\"en-US\",\"@id\":\"https:\/\/www.fincafuentillezjos.com\/en\/#\/schema\/logo\/image\/\",\"url\":\"https:\/\/www.fincafuentillezjos.com\/wp-content\/uploads\/2020\/05\/logo-header-bio.png\",\"contentUrl\":\"https:\/\/www.fincafuentillezjos.com\/wp-content\/uploads\/2020\/05\/logo-header-bio.png\",\"width\":478,\"height\":199,\"caption\":\"Finca Fuentillezjos | Manchego Bio\"},\"image\":{\"@id\":\"https:\/\/www.fincafuentillezjos.com\/en\/#\/schema\/logo\/image\/\"}}]}<\/script>\n<!-- \/ Yoast SEO plugin. -->","yoast_head_json":{"title":"Experiences - Finca Fuentillezjos: Queso Ecol\u00f3gico de Oveja","robots":{"index":"index","follow":"follow","max-snippet":"max-snippet:-1","max-image-preview":"max-image-preview:large","max-video-preview":"max-video-preview:-1"},"canonical":"https:\/\/www.fincafuentillezjos.com\/en\/experiences\/","og_locale":"en_US","og_type":"article","og_title":"Experiences - Finca Fuentillezjos: Queso Ecol\u00f3gico de Oveja","og_description":"[vc_row unlock_row_content=&#8221;yes&#8221; row_height_percent=&#8221;0&#8243; override_padding=&#8221;yes&#8221; h_padding=&#8221;2&#8243; top_padding=&#8221;4&#8243; bottom_padding=&#8221;4&#8243; back_color=&#8221;color-xsdn&#8221; overlay_color=&#8221;color-xsdn&#8221; overlay_alpha=&#8221;95&#8243; gutter_size=&#8221;3&#8243; column_width_percent=&#8221;100&#8243; shift_y=&#8221;0&#8243; z_index=&#8221;0&#8243; el_class=&#8221;cont-dest-home&#8221;][vc_column column_width_percent=&#8221;75&#8243; position_vertical=&#8221;middle&#8221; align_horizontal=&#8221;align_center&#8221; gutter_size=&#8221;3&#8243; overlay_alpha=&#8221;50&#8243; [&hellip;]","og_url":"https:\/\/www.fincafuentillezjos.com\/en\/experiences\/","og_site_name":"Finca Fuentillezjos: Queso Ecol\u00f3gico de Oveja","article_modified_time":"2021-07-26T13:12:59+00:00","og_image":[{"width":300,"height":300,"url":"https:\/\/www.fincafuentillezjos.com\/wp-content\/uploads\/2020\/03\/dest-template.jpg","type":"image\/jpeg"}],"twitter_card":"summary_large_image","twitter_misc":{"Est. reading time":"4 minutes"},"schema":{"@context":"https:\/\/schema.org","@graph":[{"@type":"WebPage","@id":"https:\/\/www.fincafuentillezjos.com\/en\/experiences\/","url":"https:\/\/www.fincafuentillezjos.com\/en\/experiences\/","name":"Experiences - Finca Fuentillezjos: Queso Ecol\u00f3gico de Oveja","isPartOf":{"@id":"https:\/\/www.fincafuentillezjos.com\/en\/#website"},"primaryImageOfPage":{"@id":"https:\/\/www.fincafuentillezjos.com\/en\/experiences\/#primaryimage"},"image":{"@id":"https:\/\/www.fincafuentillezjos.com\/en\/experiences\/#primaryimage"},"thumbnailUrl":"https:\/\/i0.wp.com\/www.fincafuentillezjos.com\/wp-content\/uploads\/2020\/03\/dest-template.jpg?fit=300%2C300&ssl=1","datePublished":"2021-07-26T13:12:56+00:00","dateModified":"2021-07-26T13:12:59+00:00","breadcrumb":{"@id":"https:\/\/www.fincafuentillezjos.com\/en\/experiences\/#breadcrumb"},"inLanguage":"en-US","potentialAction":[{"@type":"ReadAction","target":["https:\/\/www.fincafuentillezjos.com\/en\/experiences\/"]}]},{"@type":"ImageObject","inLanguage":"en-US","@id":"https:\/\/www.fincafuentillezjos.com\/en\/experiences\/#primaryimage","url":"https:\/\/i0.wp.com\/www.fincafuentillezjos.com\/wp-content\/uploads\/2020\/03\/dest-template.jpg?fit=300%2C300&ssl=1","contentUrl":"https:\/\/i0.wp.com\/www.fincafuentillezjos.com\/wp-content\/uploads\/2020\/03\/dest-template.jpg?fit=300%2C300&ssl=1","width":300,"height":300},{"@type":"BreadcrumbList","@id":"https:\/\/www.fincafuentillezjos.com\/en\/experiences\/#breadcrumb","itemListElement":[{"@type":"ListItem","position":1,"name":"Portada","item":"https:\/\/www.fincafuentillezjos.com\/en\/"},{"@type":"ListItem","position":2,"name":"Experiences"}]},{"@type":"WebSite","@id":"https:\/\/www.fincafuentillezjos.com\/en\/#website","url":"https:\/\/www.fincafuentillezjos.com\/en\/","name":"Finca Fuentillezjos: Queso Ecol\u00f3gico de Oveja","description":"Queso Ecol\u00f3gico de Oveja de la Finca Fuentillezjos","publisher":{"@id":"https:\/\/www.fincafuentillezjos.com\/en\/#organization"},"potentialAction":[{"@type":"SearchAction","target":{"@type":"EntryPoint","urlTemplate":"https:\/\/www.fincafuentillezjos.com\/en\/?s={search_term_string}"},"query-input":{"@type":"PropertyValueSpecification","valueRequired":true,"valueName":"search_term_string"}}],"inLanguage":"en-US"},{"@type":"Organization","@id":"https:\/\/www.fincafuentillezjos.com\/en\/#organization","name":"Finca Fuentillezjos | Manchego Bio","url":"https:\/\/www.fincafuentillezjos.com\/en\/","logo":{"@type":"ImageObject","inLanguage":"en-US","@id":"https:\/\/www.fincafuentillezjos.com\/en\/#\/schema\/logo\/image\/","url":"https:\/\/www.fincafuentillezjos.com\/wp-content\/uploads\/2020\/05\/logo-header-bio.png","contentUrl":"https:\/\/www.fincafuentillezjos.com\/wp-content\/uploads\/2020\/05\/logo-header-bio.png","width":478,"height":199,"caption":"Finca Fuentillezjos | Manchego Bio"},"image":{"@id":"https:\/\/www.fincafuentillezjos.com\/en\/#\/schema\/logo\/image\/"}}]}},"jetpack_sharing_enabled":true,"_links":{"self":[{"href":"https:\/\/www.fincafuentillezjos.com\/en\/wp-json\/wp\/v2\/pages\/82070","targetHints":{"allow":["GET"]}}],"collection":[{"href":"https:\/\/www.fincafuentillezjos.com\/en\/wp-json\/wp\/v2\/pages"}],"about":[{"href":"https:\/\/www.fincafuentillezjos.com\/en\/wp-json\/wp\/v2\/types\/page"}],"author":[{"embeddable":true,"href":"https:\/\/www.fincafuentillezjos.com\/en\/wp-json\/wp\/v2\/users\/2"}],"replies":[{"embeddable":true,"href":"https:\/\/www.fincafuentillezjos.com\/en\/wp-json\/wp\/v2\/comments?post=82070"}],"version-history":[{"count":2,"href":"https:\/\/www.fincafuentillezjos.com\/en\/wp-json\/wp\/v2\/pages\/82070\/revisions"}],"predecessor-version":[{"id":82073,"href":"https:\/\/www.fincafuentillezjos.com\/en\/wp-json\/wp\/v2\/pages\/82070\/revisions\/82073"}],"wp:featuredmedia":[{"embeddable":true,"href":"https:\/\/www.fincafuentillezjos.com\/en\/wp-json\/wp\/v2\/media\/80695"}],"wp:attachment":[{"href":"https:\/\/www.fincafuentillezjos.com\/en\/wp-json\/wp\/v2\/media?parent=82070"}],"curies":[{"name":"wp","href":"https:\/\/api.w.org\/{rel}","templated":true}]}}