{"id":82062,"date":"2021-07-26T15:09:21","date_gmt":"2021-07-26T13:09:21","guid":{"rendered":"https:\/\/www.fincafuentillezjos.com\/?page_id=82062"},"modified":"2022-06-30T13:16:03","modified_gmt":"2022-06-30T11:16:03","slug":"fuentifaqs","status":"publish","type":"page","link":"https:\/\/www.fincafuentillezjos.com\/en\/fuentifaqs\/","title":{"rendered":"FuentiFAQs"},"content":{"rendered":"<div class=\"wpb-content-wrapper\"><p>[vc_row unlock_row_content=&#8221;yes&#8221; row_height_percent=&#8221;0&#8243; override_padding=&#8221;yes&#8221; h_padding=&#8221;2&#8243; top_padding=&#8221;4&#8243; bottom_padding=&#8221;4&#8243; back_color=&#8221;color-xsdn&#8221; overlay_color=&#8221;color-xsdn&#8221; overlay_alpha=&#8221;95&#8243; gutter_size=&#8221;3&#8243; column_width_percent=&#8221;100&#8243; shift_y=&#8221;0&#8243; z_index=&#8221;0&#8243; el_class=&#8221;cont-dest-home&#8221;][vc_column column_width_percent=&#8221;75&#8243; position_vertical=&#8221;middle&#8221; align_horizontal=&#8221;align_center&#8221; gutter_size=&#8221;3&#8243; overlay_alpha=&#8221;50&#8243; shift_x=&#8221;0&#8243; shift_y=&#8221;0&#8243; shift_y_down=&#8221;0&#8243; z_index=&#8221;0&#8243; medium_width=&#8221;0&#8243; mobile_width=&#8221;0&#8243; width=&#8221;1\/1&#8243;][vc_row_inner limit_content=&#8221;&#8221;][vc_column_inner column_width_percent=&#8221;65&#8243; align_horizontal=&#8221;align_center&#8221; gutter_size=&#8221;3&#8243; overlay_alpha=&#8221;50&#8243; shift_x=&#8221;0&#8243; shift_y=&#8221;0&#8243; shift_y_down=&#8221;0&#8243; z_index=&#8221;0&#8243; medium_width=&#8221;0&#8243; mobile_width=&#8221;0&#8243; width=&#8221;1\/1&#8243;][vc_custom_heading heading_semantic=&#8221;h1&#8243; text_size=&#8221;h1&#8243; text_weight=&#8221;700&#8243; text_color=&#8221;ff-blue-dark&#8221;]Fuenti FAQs[\/vc_custom_heading][vc_custom_heading heading_semantic=&#8221;h3&#8243; text_size=&#8221;h3&#8243; text_weight=&#8221;700&#8243; separator=&#8221;yes&#8221; separator_color=&#8221;yes&#8221;]Resolvemos todas tus dudas\u00a0 ;-)[\/vc_custom_heading][vc_custom_heading heading_semantic=&#8221;h5&#8243; text_size=&#8221;h5&#8243; text_weight=&#8221;400&#8243; text_color=&#8221;color-wvjs&#8221;]<\/p>\n<p style=\"text-align: center;\">M\u00e1s abajo encontrar\u00e1s unas video respuestas a las dudas que nos han ido planteando a lo largo del tiempo. Si tienes alguna otra pregunta, d\u00ednoslo y te hacemos un Fuenti-Video<\/p>\n<p>[\/vc_custom_heading][\/vc_column_inner][\/vc_row_inner][\/vc_column][\/vc_row][vc_row unlock_row_content=&#8221;yes&#8221; row_height_percent=&#8221;0&#8243; override_padding=&#8221;yes&#8221; h_padding=&#8221;2&#8243; top_padding=&#8221;4&#8243; bottom_padding=&#8221;4&#8243; back_color=&#8221;color-lxmt&#8221; overlay_alpha=&#8221;100&#8243; gutter_size=&#8221;100&#8243; column_width_percent=&#8221;100&#8243; shift_y=&#8221;0&#8243; z_index=&#8221;0&#8243; style=&#8221;inherited&#8221;][vc_column column_width_percent=&#8221;80&#8243; align_horizontal=&#8221;align_center&#8221; gutter_size=&#8221;3&#8243; overlay_alpha=&#8221;50&#8243; shift_x=&#8221;0&#8243; shift_y=&#8221;0&#8243; shift_y_down=&#8221;0&#8243; z_index=&#8221;0&#8243; medium_width=&#8221;0&#8243; mobile_width=&#8221;0&#8243; zoom_width=&#8221;0&#8243; zoom_height=&#8221;0&#8243; width=&#8221;1\/1&#8243;][vc_row_inner row_inner_height_percent=&#8221;0&#8243; back_color=&#8221;color-xsdn&#8221; overlay_alpha=&#8221;50&#8243; gutter_size=&#8221;3&#8243; shift_y=&#8221;0&#8243; z_index=&#8221;0&#8243; limit_content=&#8221;&#8221;][vc_column_inner width=&#8221;1\/2&#8243;][vc_single_image media=&#8221;80525&#8243; media_width_percent=&#8221;100&#8243;][\/vc_column_inner][vc_column_inner column_width_percent=&#8221;100&#8243; position_vertical=&#8221;middle&#8221; gutter_size=&#8221;3&#8243; overlay_alpha=&#8221;50&#8243; shift_x=&#8221;0&#8243; shift_y=&#8221;0&#8243; shift_y_down=&#8221;0&#8243; z_index=&#8221;0&#8243; medium_width=&#8221;0&#8243; align_mobile=&#8221;align_center_mobile&#8221; mobile_width=&#8221;0&#8243; width=&#8221;1\/2&#8243; el_class=&#8221;.block-faq&#8221;][vc_custom_heading heading_semantic=&#8221;h3&#8243; text_size=&#8221;h3&#8243; text_weight=&#8221;700&#8243; separator=&#8221;yes&#8221; separator_color=&#8221;yes&#8221;]\u00bfPor qu\u00e9 un queso de granja?[\/vc_custom_heading][vc_column_text]<\/p>\n<p style=\"text-align: left;\">\u00bfQu\u00e9 es Finca Fuentillezjos? \u00bfcu\u00e1l es su origen e historia? \u00bfc\u00f3mo son los quesos que elaboran? Concha nos comenta sobre la finca, su pasado y el porqu\u00e9 de un queso de granja.<\/p>\n<p>[\/vc_column_text][\/vc_column_inner][\/vc_row_inner][vc_row_inner row_inner_height_percent=&#8221;0&#8243; back_color=&#8221;color-xsdn&#8221; overlay_alpha=&#8221;50&#8243; gutter_size=&#8221;3&#8243; shift_y=&#8221;0&#8243; z_index=&#8221;0&#8243; limit_content=&#8221;&#8221;][vc_column_inner width=&#8221;1\/2&#8243;][vc_single_image media=&#8221;80526&#8243; media_width_percent=&#8221;100&#8243;][\/vc_column_inner][vc_column_inner column_width_percent=&#8221;100&#8243; position_vertical=&#8221;middle&#8221; gutter_size=&#8221;3&#8243; overlay_alpha=&#8221;50&#8243; shift_x=&#8221;0&#8243; shift_y=&#8221;0&#8243; shift_y_down=&#8221;0&#8243; z_index=&#8221;0&#8243; medium_width=&#8221;0&#8243; align_mobile=&#8221;align_center_mobile&#8221; mobile_width=&#8221;0&#8243; width=&#8221;1\/2&#8243; el_class=&#8221;.block-faq&#8221;][vc_custom_heading heading_semantic=&#8221;h3&#8243; text_size=&#8221;h3&#8243; text_weight=&#8221;700&#8243; separator=&#8221;yes&#8221; separator_color=&#8221;yes&#8221;]\u00bfQu\u00e9 es un queso ecol\u00f3gico?[\/vc_custom_heading][vc_column_text]Muchos de vosotros nos pregunt\u00e1is cu\u00e1les son las caracter\u00edsticas de un queso ecol\u00f3gico, en este video Concha nos explica algo sobre el mundo de los productos bio y sobre la agricultara ecol\u00f3gica[\/vc_column_text][\/vc_column_inner][\/vc_row_inner][vc_row_inner row_inner_height_percent=&#8221;0&#8243; back_color=&#8221;color-xsdn&#8221; overlay_alpha=&#8221;50&#8243; gutter_size=&#8221;3&#8243; shift_y=&#8221;0&#8243; z_index=&#8221;0&#8243; limit_content=&#8221;&#8221;][vc_column_inner width=&#8221;1\/2&#8243;][vc_single_image media=&#8221;80527&#8243; media_width_percent=&#8221;100&#8243;][\/vc_column_inner][vc_column_inner column_width_percent=&#8221;100&#8243; position_vertical=&#8221;middle&#8221; gutter_size=&#8221;3&#8243; overlay_alpha=&#8221;50&#8243; shift_x=&#8221;0&#8243; shift_y=&#8221;0&#8243; shift_y_down=&#8221;0&#8243; z_index=&#8221;0&#8243; medium_width=&#8221;0&#8243; align_mobile=&#8221;align_center_mobile&#8221; mobile_width=&#8221;0&#8243; width=&#8221;1\/2&#8243; el_class=&#8221;.block-faq&#8221;][vc_custom_heading heading_semantic=&#8221;h3&#8243; text_size=&#8221;h3&#8243; text_weight=&#8221;700&#8243; separator=&#8221;yes&#8221; separator_color=&#8221;yes&#8221;]\u00bfC\u00f3mo puedo diferenciar un queso manchego DOP de uno que no lo es?[\/vc_custom_heading][vc_column_text]<\/p>\n<p style=\"text-align: left;\">Concha nos habla del etiquetado del queso Manchego D.O.P.<br \/>\nGracias a Roberto H. por hacernos esta pregunta.[\/vc_column_text][\/vc_column_inner][\/vc_row_inner][vc_row_inner row_inner_height_percent=&#8221;0&#8243; back_color=&#8221;color-xsdn&#8221; overlay_alpha=&#8221;50&#8243; gutter_size=&#8221;3&#8243; shift_y=&#8221;0&#8243; z_index=&#8221;0&#8243; limit_content=&#8221;&#8221;][vc_column_inner width=&#8221;1\/2&#8243;][vc_single_image media=&#8221;80528&#8243; media_width_percent=&#8221;100&#8243;][\/vc_column_inner][vc_column_inner column_width_percent=&#8221;100&#8243; position_vertical=&#8221;middle&#8221; gutter_size=&#8221;3&#8243; overlay_alpha=&#8221;50&#8243; shift_x=&#8221;0&#8243; shift_y=&#8221;0&#8243; shift_y_down=&#8221;0&#8243; z_index=&#8221;0&#8243; medium_width=&#8221;0&#8243; align_mobile=&#8221;align_center_mobile&#8221; mobile_width=&#8221;0&#8243; width=&#8221;1\/2&#8243; el_class=&#8221;.block-faq&#8221;][vc_custom_heading heading_semantic=&#8221;h3&#8243; text_size=&#8221;h3&#8243; text_weight=&#8221;700&#8243; separator=&#8221;yes&#8221; separator_color=&#8221;yes&#8221;]\u00bfC\u00f3mo elabor\u00e1is el queso en Finca Fuentillezjos?[\/vc_custom_heading][vc_column_text]David, que es el encargado de elaborar el queso, responde a la pregunta que nos ha hecho Luc\u00eda M. sobre c\u00f3mo hacemos cada ma\u00f1ana para tener esos quesos que tanto le gustan![\/vc_column_text][\/vc_column_inner][\/vc_row_inner][vc_row_inner row_inner_height_percent=&#8221;0&#8243; back_color=&#8221;color-xsdn&#8221; overlay_alpha=&#8221;50&#8243; gutter_size=&#8221;3&#8243; shift_y=&#8221;0&#8243; z_index=&#8221;0&#8243; limit_content=&#8221;&#8221;][vc_column_inner width=&#8221;1\/2&#8243;][vc_single_image media=&#8221;80529&#8243; media_width_percent=&#8221;100&#8243;][\/vc_column_inner][vc_column_inner column_width_percent=&#8221;100&#8243; position_vertical=&#8221;middle&#8221; gutter_size=&#8221;3&#8243; overlay_alpha=&#8221;50&#8243; shift_x=&#8221;0&#8243; shift_y=&#8221;0&#8243; shift_y_down=&#8221;0&#8243; z_index=&#8221;0&#8243; medium_width=&#8221;0&#8243; align_mobile=&#8221;align_center_mobile&#8221; mobile_width=&#8221;0&#8243; width=&#8221;1\/2&#8243; el_class=&#8221;.block-faq&#8221;][vc_custom_heading heading_semantic=&#8221;h3&#8243; text_size=&#8221;h3&#8243; text_weight=&#8221;700&#8243; separator=&#8221;yes&#8221; separator_color=&#8221;yes&#8221;]\u00bfC\u00f3mo se madura un queso?[\/vc_custom_heading][vc_column_text]<\/p>\n<p style=\"text-align: left;\">El queso se va afinando poco a poco en nuestras c\u00e1maras de maduraci\u00f3n. David responde a una duda que muchas veces nos plant\u00e9ais sobre c\u00f3mo va afectando el paso del tiempo al queso y a su sabor<\/p>\n<p>[\/vc_column_text][\/vc_column_inner][\/vc_row_inner][vc_row_inner row_inner_height_percent=&#8221;0&#8243; back_color=&#8221;color-xsdn&#8221; overlay_alpha=&#8221;50&#8243; gutter_size=&#8221;3&#8243; shift_y=&#8221;0&#8243; z_index=&#8221;0&#8243; limit_content=&#8221;&#8221;][vc_column_inner width=&#8221;1\/2&#8243;][vc_single_image media=&#8221;80530&#8243; media_width_percent=&#8221;100&#8243;][\/vc_column_inner][vc_column_inner column_width_percent=&#8221;100&#8243; position_vertical=&#8221;middle&#8221; gutter_size=&#8221;3&#8243; overlay_alpha=&#8221;50&#8243; shift_x=&#8221;0&#8243; shift_y=&#8221;0&#8243; shift_y_down=&#8221;0&#8243; z_index=&#8221;0&#8243; medium_width=&#8221;0&#8243; align_mobile=&#8221;align_center_mobile&#8221; mobile_width=&#8221;0&#8243; width=&#8221;1\/2&#8243; el_class=&#8221;.block-faq&#8221;][vc_custom_heading heading_semantic=&#8221;h3&#8243; text_size=&#8221;h3&#8243; text_weight=&#8221;700&#8243; separator=&#8221;yes&#8221; separator_color=&#8221;yes&#8221;]Quiero hacer un pedido, \u00bfC\u00f3mo lo hago?[\/vc_custom_heading][vc_column_text]<\/p>\n<p style=\"text-align: left;\">Leticia os da los pasos a seguir y el procedimiento para hacer un pedido.<\/p>\n<p>[\/vc_column_text][\/vc_column_inner][\/vc_row_inner][vc_row_inner row_inner_height_percent=&#8221;0&#8243; back_color=&#8221;color-xsdn&#8221; overlay_alpha=&#8221;50&#8243; gutter_size=&#8221;3&#8243; shift_y=&#8221;0&#8243; z_index=&#8221;0&#8243; limit_content=&#8221;&#8221;][vc_column_inner width=&#8221;1\/2&#8243;][vc_single_image media=&#8221;80531&#8243; media_width_percent=&#8221;100&#8243;][\/vc_column_inner][vc_column_inner column_width_percent=&#8221;100&#8243; position_vertical=&#8221;middle&#8221; gutter_size=&#8221;3&#8243; overlay_alpha=&#8221;50&#8243; shift_x=&#8221;0&#8243; shift_y=&#8221;0&#8243; shift_y_down=&#8221;0&#8243; z_index=&#8221;0&#8243; medium_width=&#8221;0&#8243; align_mobile=&#8221;align_center_mobile&#8221; mobile_width=&#8221;0&#8243; width=&#8221;1\/2&#8243; el_class=&#8221;.block-faq&#8221;][vc_custom_heading heading_semantic=&#8221;h3&#8243; text_size=&#8221;h3&#8243; text_weight=&#8221;700&#8243; separator=&#8221;yes&#8221; separator_color=&#8221;yes&#8221;]\u00bfC\u00f3mo es la corteza de nuestros quesos?[\/vc_custom_heading][vc_column_text]Nuestros quesos son de corteza natural, \u00bfqu\u00e9 es esto? Mario os cuenta c\u00f3mo trabajamos las cortezas en Fuentillezjos respondiendo a la pregunta de Ver\u00f3nica S.<\/p>\n<p>( si quer\u00e9is os la pod\u00e9is comer)[\/vc_column_text][\/vc_column_inner][\/vc_row_inner][vc_row_inner row_inner_height_percent=&#8221;0&#8243; back_color=&#8221;color-xsdn&#8221; overlay_alpha=&#8221;50&#8243; gutter_size=&#8221;3&#8243; shift_y=&#8221;0&#8243; z_index=&#8221;0&#8243; limit_content=&#8221;&#8221;][vc_column_inner column_width_percent=&#8221;100&#8243; gutter_size=&#8221;3&#8243; overlay_alpha=&#8221;50&#8243; shift_x=&#8221;0&#8243; shift_y=&#8221;0&#8243; shift_y_down=&#8221;0&#8243; z_index=&#8221;0&#8243; medium_width=&#8221;0&#8243; mobile_width=&#8221;0&#8243; width=&#8221;1\/2&#8243; link_to=&#8221;|||&#8221;][vc_single_image media=&#8221;81278&#8243; media_width_percent=&#8221;100&#8243; media_link=&#8221;|||&#8221;][\/vc_column_inner][vc_column_inner column_width_percent=&#8221;100&#8243; position_vertical=&#8221;middle&#8221; gutter_size=&#8221;3&#8243; overlay_alpha=&#8221;50&#8243; shift_x=&#8221;0&#8243; shift_y=&#8221;0&#8243; shift_y_down=&#8221;0&#8243; z_index=&#8221;0&#8243; medium_width=&#8221;0&#8243; align_mobile=&#8221;align_center_mobile&#8221; mobile_width=&#8221;0&#8243; width=&#8221;1\/2&#8243; el_class=&#8221;.block-faq&#8221;][vc_custom_heading heading_semantic=&#8221;h3&#8243; text_size=&#8221;h3&#8243; text_weight=&#8221;700&#8243; separator=&#8221;yes&#8221; separator_color=&#8221;yes&#8221;]\u00bfPor qu\u00e9 vamos a ferias?[\/vc_custom_heading][vc_column_text]<\/p>\n<p style=\"text-align: left;\">En las ferias nos encontramos contigo. Salimos siempre que podemos. Las ferias son un escaparate para que nos veais en distintos puntos y una forma f\u00e1cil de que nos transmit\u00e1is todo lo que necesit\u00e1is. Un intercambio que aprovechamos por supuesto al m\u00e1ximo.<\/p>\n<p>[\/vc_column_text][\/vc_column_inner][\/vc_row_inner][vc_row_inner row_inner_height_percent=&#8221;0&#8243; back_color=&#8221;color-xsdn&#8221; overlay_alpha=&#8221;50&#8243; gutter_size=&#8221;3&#8243; shift_y=&#8221;0&#8243; z_index=&#8221;0&#8243; limit_content=&#8221;&#8221;][vc_column_inner width=&#8221;1\/2&#8243;][vc_single_image media=&#8221;80533&#8243; media_width_percent=&#8221;100&#8243;][\/vc_column_inner][vc_column_inner column_width_percent=&#8221;100&#8243; position_vertical=&#8221;middle&#8221; gutter_size=&#8221;3&#8243; overlay_alpha=&#8221;50&#8243; shift_x=&#8221;0&#8243; shift_y=&#8221;0&#8243; shift_y_down=&#8221;0&#8243; z_index=&#8221;0&#8243; medium_width=&#8221;0&#8243; align_mobile=&#8221;align_center_mobile&#8221; mobile_width=&#8221;0&#8243; width=&#8221;1\/2&#8243; el_class=&#8221;.block-faq&#8221;][vc_custom_heading heading_semantic=&#8221;h3&#8243; text_size=&#8221;h3&#8243; text_weight=&#8221;700&#8243; separator=&#8221;yes&#8221; separator_color=&#8221;yes&#8221;]\u00bfTe gustar\u00eda contar con nosotros?[\/vc_custom_heading][vc_column_text]<\/p>\n<p style=\"text-align: left;\">No te puedes resistir, \u00bfverdad? Mario os cuenta qu\u00e9 debes hacer para tener los Fuentiquesos en tu tienda, pa\u00eds \u00a1O donde quieras llevarlos!<\/p>\n<p>[\/vc_column_text][\/vc_column_inner][\/vc_row_inner][vc_row_inner row_inner_height_percent=&#8221;0&#8243; back_color=&#8221;color-xsdn&#8221; overlay_alpha=&#8221;50&#8243; gutter_size=&#8221;3&#8243; shift_y=&#8221;0&#8243; z_index=&#8221;0&#8243; limit_content=&#8221;&#8221;][vc_column_inner width=&#8221;1\/2&#8243;][vc_single_image media=&#8221;80534&#8243; media_width_percent=&#8221;100&#8243;][\/vc_column_inner][vc_column_inner column_width_percent=&#8221;100&#8243; position_vertical=&#8221;middle&#8221; gutter_size=&#8221;3&#8243; overlay_alpha=&#8221;50&#8243; shift_x=&#8221;0&#8243; shift_y=&#8221;0&#8243; shift_y_down=&#8221;0&#8243; z_index=&#8221;0&#8243; medium_width=&#8221;0&#8243; align_mobile=&#8221;align_center_mobile&#8221; mobile_width=&#8221;0&#8243; width=&#8221;1\/2&#8243; el_class=&#8221;.block-faq&#8221;][vc_custom_heading heading_semantic=&#8221;h3&#8243; text_size=&#8221;h3&#8243; text_weight=&#8221;700&#8243; separator=&#8221;yes&#8221; separator_color=&#8221;yes&#8221;]Es cierto, no es que no me pueda resistir, es que quiero ir all\u00ed, \u00bfC\u00f3mo puedo ir a veros?[\/vc_custom_heading][vc_column_text]<\/p>\n<p style=\"text-align: left;\">Si te apetece pasar un d\u00eda diferente, organizar alg\u00fan acto en la finca, rodeado de campo y ovejas por todas partes, esta video de Mario es la tuya, nos cuenta c\u00f3mo hacerlo y qu\u00e9 posibilidades hay.<\/p>\n<p>[\/vc_column_text][\/vc_column_inner][\/vc_row_inner][\/vc_column][\/vc_row][vc_row unlock_row_content=&#8221;yes&#8221; row_height_percent=&#8221;0&#8243; override_padding=&#8221;yes&#8221; h_padding=&#8221;2&#8243; top_padding=&#8221;3&#8243; bottom_padding=&#8221;3&#8243; back_color=&#8221;color-xsdn&#8221; overlay_alpha=&#8221;100&#8243; gutter_size=&#8221;100&#8243; column_width_percent=&#8221;100&#8243; shift_y=&#8221;0&#8243; z_index=&#8221;0&#8243; style=&#8221;inherited&#8221;][vc_column column_width_percent=&#8221;60&#8243; align_horizontal=&#8221;align_center&#8221; gutter_size=&#8221;3&#8243; overlay_alpha=&#8221;50&#8243; shift_x=&#8221;0&#8243; shift_y=&#8221;0&#8243; shift_y_down=&#8221;0&#8243; z_index=&#8221;0&#8243; medium_width=&#8221;0&#8243; mobile_width=&#8221;0&#8243; zoom_width=&#8221;0&#8243; zoom_height=&#8221;0&#8243; width=&#8221;1\/1&#8243;][vc_single_image media=&#8221;81417&#8243; media_width_use_pixel=&#8221;yes&#8221; alignment=&#8221;center&#8221; css_animation=&#8221;alpha-anim&#8221; animation_delay=&#8221;100&#8243; media_width_pixel=&#8221;300&#8243;][\/vc_column][\/vc_row]<\/p>\n<\/div>","protected":false},"excerpt":{"rendered":"<p>[vc_row unlock_row_content=&#8221;yes&#8221; row_height_percent=&#8221;0&#8243; override_padding=&#8221;yes&#8221; h_padding=&#8221;2&#8243; top_padding=&#8221;4&#8243; bottom_padding=&#8221;4&#8243; back_color=&#8221;color-xsdn&#8221; overlay_color=&#8221;color-xsdn&#8221; overlay_alpha=&#8221;95&#8243; gutter_size=&#8221;3&#8243; column_width_percent=&#8221;100&#8243; shift_y=&#8221;0&#8243; z_index=&#8221;0&#8243; el_class=&#8221;cont-dest-home&#8221;][vc_column column_width_percent=&#8221;75&#8243; position_vertical=&#8221;middle&#8221; align_horizontal=&#8221;align_center&#8221; gutter_size=&#8221;3&#8243; overlay_alpha=&#8221;50&#8243; [&hellip;]<\/p>\n","protected":false},"author":2,"featured_media":81991,"parent":0,"menu_order":0,"comment_status":"closed","ping_status":"closed","template":"","meta":{"footnotes":""},"class_list":["post-82062","page","type-page","status-publish","has-post-thumbnail","hentry","page_category-classic-en"],"yoast_head":"<!-- This site is optimized with the Yoast SEO plugin v26.4 - https:\/\/yoast.com\/wordpress\/plugins\/seo\/ -->\n<title>FuentiFAQs - Finca Fuentillezjos: Queso Ecol\u00f3gico de Oveja<\/title>\n<meta name=\"robots\" content=\"index, follow, max-snippet:-1, max-image-preview:large, max-video-preview:-1\" \/>\n<link rel=\"canonical\" href=\"https:\/\/www.fincafuentillezjos.com\/en\/fuentifaqs\/\" \/>\n<meta property=\"og:locale\" content=\"en_US\" \/>\n<meta property=\"og:type\" content=\"article\" \/>\n<meta property=\"og:title\" content=\"FuentiFAQs - Finca Fuentillezjos: Queso Ecol\u00f3gico de Oveja\" \/>\n<meta property=\"og:description\" content=\"[vc_row unlock_row_content=&#8221;yes&#8221; row_height_percent=&#8221;0&#8243; override_padding=&#8221;yes&#8221; h_padding=&#8221;2&#8243; top_padding=&#8221;4&#8243; bottom_padding=&#8221;4&#8243; back_color=&#8221;color-xsdn&#8221; overlay_color=&#8221;color-xsdn&#8221; overlay_alpha=&#8221;95&#8243; gutter_size=&#8221;3&#8243; column_width_percent=&#8221;100&#8243; shift_y=&#8221;0&#8243; z_index=&#8221;0&#8243; el_class=&#8221;cont-dest-home&#8221;][vc_column column_width_percent=&#8221;75&#8243; position_vertical=&#8221;middle&#8221; align_horizontal=&#8221;align_center&#8221; gutter_size=&#8221;3&#8243; overlay_alpha=&#8221;50&#8243; [&hellip;]\" \/>\n<meta property=\"og:url\" content=\"https:\/\/www.fincafuentillezjos.com\/en\/fuentifaqs\/\" \/>\n<meta property=\"og:site_name\" content=\"Finca Fuentillezjos: Queso Ecol\u00f3gico de Oveja\" \/>\n<meta property=\"article:modified_time\" content=\"2022-06-30T11:16:03+00:00\" \/>\n<meta property=\"og:image\" content=\"https:\/\/www.fincafuentillezjos.com\/wp-content\/uploads\/2019\/12\/09-npi.jpg\" \/>\n\t<meta property=\"og:image:width\" content=\"258\" \/>\n\t<meta property=\"og:image:height\" content=\"258\" \/>\n\t<meta property=\"og:image:type\" content=\"image\/jpeg\" \/>\n<meta name=\"twitter:card\" content=\"summary_large_image\" \/>\n<meta name=\"twitter:label1\" content=\"Est. reading time\" \/>\n\t<meta name=\"twitter:data1\" content=\"4 minutes\" \/>\n<script type=\"application\/ld+json\" class=\"yoast-schema-graph\">{\"@context\":\"https:\/\/schema.org\",\"@graph\":[{\"@type\":\"WebPage\",\"@id\":\"https:\/\/www.fincafuentillezjos.com\/en\/fuentifaqs\/\",\"url\":\"https:\/\/www.fincafuentillezjos.com\/en\/fuentifaqs\/\",\"name\":\"FuentiFAQs - Finca Fuentillezjos: Queso Ecol\u00f3gico de Oveja\",\"isPartOf\":{\"@id\":\"https:\/\/www.fincafuentillezjos.com\/en\/#website\"},\"primaryImageOfPage\":{\"@id\":\"https:\/\/www.fincafuentillezjos.com\/en\/fuentifaqs\/#primaryimage\"},\"image\":{\"@id\":\"https:\/\/www.fincafuentillezjos.com\/en\/fuentifaqs\/#primaryimage\"},\"thumbnailUrl\":\"https:\/\/i0.wp.com\/www.fincafuentillezjos.com\/wp-content\/uploads\/2019\/12\/09-npi.jpg?fit=258%2C258&ssl=1\",\"datePublished\":\"2021-07-26T13:09:21+00:00\",\"dateModified\":\"2022-06-30T11:16:03+00:00\",\"breadcrumb\":{\"@id\":\"https:\/\/www.fincafuentillezjos.com\/en\/fuentifaqs\/#breadcrumb\"},\"inLanguage\":\"en-US\",\"potentialAction\":[{\"@type\":\"ReadAction\",\"target\":[\"https:\/\/www.fincafuentillezjos.com\/en\/fuentifaqs\/\"]}]},{\"@type\":\"ImageObject\",\"inLanguage\":\"en-US\",\"@id\":\"https:\/\/www.fincafuentillezjos.com\/en\/fuentifaqs\/#primaryimage\",\"url\":\"https:\/\/i0.wp.com\/www.fincafuentillezjos.com\/wp-content\/uploads\/2019\/12\/09-npi.jpg?fit=258%2C258&ssl=1\",\"contentUrl\":\"https:\/\/i0.wp.com\/www.fincafuentillezjos.com\/wp-content\/uploads\/2019\/12\/09-npi.jpg?fit=258%2C258&ssl=1\",\"width\":258,\"height\":258,\"caption\":\"Queso ecol\u00f3gico de la Finca Fuentillezjos\"},{\"@type\":\"BreadcrumbList\",\"@id\":\"https:\/\/www.fincafuentillezjos.com\/en\/fuentifaqs\/#breadcrumb\",\"itemListElement\":[{\"@type\":\"ListItem\",\"position\":1,\"name\":\"Portada\",\"item\":\"https:\/\/www.fincafuentillezjos.com\/en\/\"},{\"@type\":\"ListItem\",\"position\":2,\"name\":\"FuentiFAQs\"}]},{\"@type\":\"WebSite\",\"@id\":\"https:\/\/www.fincafuentillezjos.com\/en\/#website\",\"url\":\"https:\/\/www.fincafuentillezjos.com\/en\/\",\"name\":\"Finca Fuentillezjos: Queso Ecol\u00f3gico de Oveja\",\"description\":\"Queso Ecol\u00f3gico de Oveja de la Finca Fuentillezjos\",\"publisher\":{\"@id\":\"https:\/\/www.fincafuentillezjos.com\/en\/#organization\"},\"potentialAction\":[{\"@type\":\"SearchAction\",\"target\":{\"@type\":\"EntryPoint\",\"urlTemplate\":\"https:\/\/www.fincafuentillezjos.com\/en\/?s={search_term_string}\"},\"query-input\":{\"@type\":\"PropertyValueSpecification\",\"valueRequired\":true,\"valueName\":\"search_term_string\"}}],\"inLanguage\":\"en-US\"},{\"@type\":\"Organization\",\"@id\":\"https:\/\/www.fincafuentillezjos.com\/en\/#organization\",\"name\":\"Finca Fuentillezjos | Manchego Bio\",\"url\":\"https:\/\/www.fincafuentillezjos.com\/en\/\",\"logo\":{\"@type\":\"ImageObject\",\"inLanguage\":\"en-US\",\"@id\":\"https:\/\/www.fincafuentillezjos.com\/en\/#\/schema\/logo\/image\/\",\"url\":\"https:\/\/www.fincafuentillezjos.com\/wp-content\/uploads\/2020\/05\/logo-header-bio.png\",\"contentUrl\":\"https:\/\/www.fincafuentillezjos.com\/wp-content\/uploads\/2020\/05\/logo-header-bio.png\",\"width\":478,\"height\":199,\"caption\":\"Finca Fuentillezjos | Manchego Bio\"},\"image\":{\"@id\":\"https:\/\/www.fincafuentillezjos.com\/en\/#\/schema\/logo\/image\/\"}}]}<\/script>\n<!-- \/ Yoast SEO plugin. -->","yoast_head_json":{"title":"FuentiFAQs - Finca Fuentillezjos: Queso Ecol\u00f3gico de Oveja","robots":{"index":"index","follow":"follow","max-snippet":"max-snippet:-1","max-image-preview":"max-image-preview:large","max-video-preview":"max-video-preview:-1"},"canonical":"https:\/\/www.fincafuentillezjos.com\/en\/fuentifaqs\/","og_locale":"en_US","og_type":"article","og_title":"FuentiFAQs - Finca Fuentillezjos: Queso Ecol\u00f3gico de Oveja","og_description":"[vc_row unlock_row_content=&#8221;yes&#8221; row_height_percent=&#8221;0&#8243; override_padding=&#8221;yes&#8221; h_padding=&#8221;2&#8243; top_padding=&#8221;4&#8243; bottom_padding=&#8221;4&#8243; back_color=&#8221;color-xsdn&#8221; overlay_color=&#8221;color-xsdn&#8221; overlay_alpha=&#8221;95&#8243; gutter_size=&#8221;3&#8243; column_width_percent=&#8221;100&#8243; shift_y=&#8221;0&#8243; z_index=&#8221;0&#8243; el_class=&#8221;cont-dest-home&#8221;][vc_column column_width_percent=&#8221;75&#8243; position_vertical=&#8221;middle&#8221; align_horizontal=&#8221;align_center&#8221; gutter_size=&#8221;3&#8243; overlay_alpha=&#8221;50&#8243; [&hellip;]","og_url":"https:\/\/www.fincafuentillezjos.com\/en\/fuentifaqs\/","og_site_name":"Finca Fuentillezjos: Queso Ecol\u00f3gico de Oveja","article_modified_time":"2022-06-30T11:16:03+00:00","og_image":[{"width":258,"height":258,"url":"https:\/\/www.fincafuentillezjos.com\/wp-content\/uploads\/2019\/12\/09-npi.jpg","type":"image\/jpeg"}],"twitter_card":"summary_large_image","twitter_misc":{"Est. reading time":"4 minutes"},"schema":{"@context":"https:\/\/schema.org","@graph":[{"@type":"WebPage","@id":"https:\/\/www.fincafuentillezjos.com\/en\/fuentifaqs\/","url":"https:\/\/www.fincafuentillezjos.com\/en\/fuentifaqs\/","name":"FuentiFAQs - Finca Fuentillezjos: Queso Ecol\u00f3gico de Oveja","isPartOf":{"@id":"https:\/\/www.fincafuentillezjos.com\/en\/#website"},"primaryImageOfPage":{"@id":"https:\/\/www.fincafuentillezjos.com\/en\/fuentifaqs\/#primaryimage"},"image":{"@id":"https:\/\/www.fincafuentillezjos.com\/en\/fuentifaqs\/#primaryimage"},"thumbnailUrl":"https:\/\/i0.wp.com\/www.fincafuentillezjos.com\/wp-content\/uploads\/2019\/12\/09-npi.jpg?fit=258%2C258&ssl=1","datePublished":"2021-07-26T13:09:21+00:00","dateModified":"2022-06-30T11:16:03+00:00","breadcrumb":{"@id":"https:\/\/www.fincafuentillezjos.com\/en\/fuentifaqs\/#breadcrumb"},"inLanguage":"en-US","potentialAction":[{"@type":"ReadAction","target":["https:\/\/www.fincafuentillezjos.com\/en\/fuentifaqs\/"]}]},{"@type":"ImageObject","inLanguage":"en-US","@id":"https:\/\/www.fincafuentillezjos.com\/en\/fuentifaqs\/#primaryimage","url":"https:\/\/i0.wp.com\/www.fincafuentillezjos.com\/wp-content\/uploads\/2019\/12\/09-npi.jpg?fit=258%2C258&ssl=1","contentUrl":"https:\/\/i0.wp.com\/www.fincafuentillezjos.com\/wp-content\/uploads\/2019\/12\/09-npi.jpg?fit=258%2C258&ssl=1","width":258,"height":258,"caption":"Queso ecol\u00f3gico de la Finca Fuentillezjos"},{"@type":"BreadcrumbList","@id":"https:\/\/www.fincafuentillezjos.com\/en\/fuentifaqs\/#breadcrumb","itemListElement":[{"@type":"ListItem","position":1,"name":"Portada","item":"https:\/\/www.fincafuentillezjos.com\/en\/"},{"@type":"ListItem","position":2,"name":"FuentiFAQs"}]},{"@type":"WebSite","@id":"https:\/\/www.fincafuentillezjos.com\/en\/#website","url":"https:\/\/www.fincafuentillezjos.com\/en\/","name":"Finca Fuentillezjos: Queso Ecol\u00f3gico de Oveja","description":"Queso Ecol\u00f3gico de Oveja de la Finca Fuentillezjos","publisher":{"@id":"https:\/\/www.fincafuentillezjos.com\/en\/#organization"},"potentialAction":[{"@type":"SearchAction","target":{"@type":"EntryPoint","urlTemplate":"https:\/\/www.fincafuentillezjos.com\/en\/?s={search_term_string}"},"query-input":{"@type":"PropertyValueSpecification","valueRequired":true,"valueName":"search_term_string"}}],"inLanguage":"en-US"},{"@type":"Organization","@id":"https:\/\/www.fincafuentillezjos.com\/en\/#organization","name":"Finca Fuentillezjos | Manchego Bio","url":"https:\/\/www.fincafuentillezjos.com\/en\/","logo":{"@type":"ImageObject","inLanguage":"en-US","@id":"https:\/\/www.fincafuentillezjos.com\/en\/#\/schema\/logo\/image\/","url":"https:\/\/www.fincafuentillezjos.com\/wp-content\/uploads\/2020\/05\/logo-header-bio.png","contentUrl":"https:\/\/www.fincafuentillezjos.com\/wp-content\/uploads\/2020\/05\/logo-header-bio.png","width":478,"height":199,"caption":"Finca Fuentillezjos | Manchego Bio"},"image":{"@id":"https:\/\/www.fincafuentillezjos.com\/en\/#\/schema\/logo\/image\/"}}]}},"jetpack_sharing_enabled":true,"_links":{"self":[{"href":"https:\/\/www.fincafuentillezjos.com\/en\/wp-json\/wp\/v2\/pages\/82062","targetHints":{"allow":["GET"]}}],"collection":[{"href":"https:\/\/www.fincafuentillezjos.com\/en\/wp-json\/wp\/v2\/pages"}],"about":[{"href":"https:\/\/www.fincafuentillezjos.com\/en\/wp-json\/wp\/v2\/types\/page"}],"author":[{"embeddable":true,"href":"https:\/\/www.fincafuentillezjos.com\/en\/wp-json\/wp\/v2\/users\/2"}],"replies":[{"embeddable":true,"href":"https:\/\/www.fincafuentillezjos.com\/en\/wp-json\/wp\/v2\/comments?post=82062"}],"version-history":[{"count":3,"href":"https:\/\/www.fincafuentillezjos.com\/en\/wp-json\/wp\/v2\/pages\/82062\/revisions"}],"predecessor-version":[{"id":84793,"href":"https:\/\/www.fincafuentillezjos.com\/en\/wp-json\/wp\/v2\/pages\/82062\/revisions\/84793"}],"wp:featuredmedia":[{"embeddable":true,"href":"https:\/\/www.fincafuentillezjos.com\/en\/wp-json\/wp\/v2\/media\/81991"}],"wp:attachment":[{"href":"https:\/\/www.fincafuentillezjos.com\/en\/wp-json\/wp\/v2\/media?parent=82062"}],"curies":[{"name":"wp","href":"https:\/\/api.w.org\/{rel}","templated":true}]}}