{"id":82010,"date":"2021-07-26T14:49:43","date_gmt":"2021-07-26T12:49:43","guid":{"rendered":"https:\/\/www.fincafuentillezjos.com\/?page_id=82010"},"modified":"2021-07-26T14:49:49","modified_gmt":"2021-07-26T12:49:49","slug":"over-the-time","status":"publish","type":"page","link":"https:\/\/www.fincafuentillezjos.com\/en\/the-farm\/over-the-time\/","title":{"rendered":"Over the Time"},"content":{"rendered":"<div class=\"wpb-content-wrapper\"><p>[vc_row unlock_row_content=&#8221;yes&#8221; row_height_percent=&#8221;0&#8243; override_padding=&#8221;yes&#8221; h_padding=&#8221;2&#8243; top_padding=&#8221;4&#8243; bottom_padding=&#8221;4&#8243; back_color=&#8221;color-xsdn&#8221; overlay_color=&#8221;color-xsdn&#8221; overlay_alpha=&#8221;95&#8243; gutter_size=&#8221;3&#8243; column_width_percent=&#8221;100&#8243; shift_y=&#8221;0&#8243; z_index=&#8221;0&#8243; el_class=&#8221;cont-dest-home&#8221;][vc_column column_width_percent=&#8221;75&#8243; position_vertical=&#8221;middle&#8221; align_horizontal=&#8221;align_center&#8221; gutter_size=&#8221;3&#8243; overlay_alpha=&#8221;50&#8243; shift_x=&#8221;0&#8243; shift_y=&#8221;0&#8243; shift_y_down=&#8221;0&#8243; z_index=&#8221;0&#8243; medium_width=&#8221;0&#8243; mobile_width=&#8221;0&#8243; width=&#8221;1\/1&#8243;][vc_row_inner limit_content=&#8221;&#8221;][vc_column_inner column_width_percent=&#8221;65&#8243; align_horizontal=&#8221;align_center&#8221; gutter_size=&#8221;3&#8243; overlay_alpha=&#8221;50&#8243; shift_x=&#8221;0&#8243; shift_y=&#8221;0&#8243; shift_y_down=&#8221;0&#8243; z_index=&#8221;0&#8243; medium_width=&#8221;0&#8243; mobile_width=&#8221;0&#8243; width=&#8221;1\/1&#8243;][vc_custom_heading heading_semantic=&#8221;h1&#8243; text_size=&#8221;h1&#8243; text_weight=&#8221;700&#8243; text_color=&#8221;ff-blue-dark&#8221;]LA FINCA[\/vc_custom_heading][vc_custom_heading heading_semantic=&#8221;h3&#8243; text_size=&#8221;h3&#8243; text_weight=&#8221;700&#8243; separator=&#8221;yes&#8221; separator_color=&#8221;yes&#8221;]El paso del tiempo[\/vc_custom_heading][vc_custom_heading heading_semantic=&#8221;h5&#8243; text_size=&#8221;h5&#8243; text_weight=&#8221;400&#8243; text_color=&#8221;color-wvjs&#8221;]<\/p>\n<p style=\"text-align: center;\">El tiempo pasa por la Fuenti-Finca, las estaciones del a\u00f1o y sus paisajes cambiantes forman parte de los quesos, confiri\u00e9ndoles aromas, sabores y texturas propias y caracter\u00edsticas de ese momento.<\/p>\n<p style=\"text-align: center;\">Con estos videos podr\u00e1s acompa\u00f1arnos en el tiempo y ver cada \u00e9poca del a\u00f1o tal y como la vivimos en la Finca a diario.<\/p>\n<p>[\/vc_custom_heading][vc_single_image media=&#8221;81405&#8243; media_width_use_pixel=&#8221;yes&#8221; alignment=&#8221;center&#8221; css_animation=&#8221;alpha-anim&#8221; animation_delay=&#8221;100&#8243; media_width_pixel=&#8221;245&#8243;][\/vc_column_inner][\/vc_row_inner][\/vc_column][\/vc_row][vc_row unlock_row_content=&#8221;yes&#8221; row_height_percent=&#8221;0&#8243; override_padding=&#8221;yes&#8221; h_padding=&#8221;2&#8243; top_padding=&#8221;4&#8243; bottom_padding=&#8221;4&#8243; back_color=&#8221;color-lxmt&#8221; overlay_alpha=&#8221;100&#8243; gutter_size=&#8221;100&#8243; column_width_percent=&#8221;100&#8243; shift_y=&#8221;0&#8243; z_index=&#8221;0&#8243; style=&#8221;inherited&#8221;][vc_column column_width_percent=&#8221;80&#8243; align_horizontal=&#8221;align_center&#8221; gutter_size=&#8221;3&#8243; overlay_alpha=&#8221;50&#8243; shift_x=&#8221;0&#8243; shift_y=&#8221;0&#8243; shift_y_down=&#8221;0&#8243; z_index=&#8221;0&#8243; medium_width=&#8221;0&#8243; mobile_width=&#8221;0&#8243; zoom_width=&#8221;0&#8243; zoom_height=&#8221;0&#8243; width=&#8221;1\/1&#8243;][vc_row_inner row_inner_height_percent=&#8221;0&#8243; overlay_alpha=&#8221;50&#8243; gutter_size=&#8221;3&#8243; shift_y=&#8221;0&#8243; z_index=&#8221;0&#8243; limit_content=&#8221;&#8221;][vc_column_inner column_width_percent=&#8221;100&#8243; align_horizontal=&#8221;align_center&#8221; gutter_size=&#8221;3&#8243; back_color=&#8221;color-xsdn&#8221; overlay_alpha=&#8221;50&#8243; shift_x=&#8221;0&#8243; shift_y=&#8221;0&#8243; shift_y_down=&#8221;0&#8243; z_index=&#8221;0&#8243; medium_width=&#8221;0&#8243; mobile_width=&#8221;0&#8243; width=&#8221;1\/2&#8243; css=&#8221;.vc_custom_1589352563459{padding-right: 0px !important;padding-bottom: 0px !important;padding-left: 0px !important;}&#8221;][vc_custom_heading heading_semantic=&#8221;h3&#8243; text_weight=&#8221;700&#8243;]Enero[\/vc_custom_heading][vc_custom_heading heading_semantic=&#8221;h6&#8243; text_size=&#8221;h6&#8243; text_weight=&#8221;300&#8243; text_color=&#8221;color-wvjs&#8221;]<span class=\"font-329340 font-175345\">Los d\u00edas empiezan a alargarse, las ovejas dan sus primeros paseos, empiezan a comer los brotes que los quesos recogen sutilmente<\/span>[\/vc_custom_heading][vc_single_image media=&#8221;81124&#8243; media_width_percent=&#8221;100&#8243;][\/vc_column_inner][vc_column_inner column_width_percent=&#8221;100&#8243; position_vertical=&#8221;middle&#8221; align_horizontal=&#8221;align_center&#8221; gutter_size=&#8221;3&#8243; back_color=&#8221;color-xsdn&#8221; overlay_alpha=&#8221;50&#8243; shift_x=&#8221;0&#8243; shift_y=&#8221;0&#8243; shift_y_down=&#8221;0&#8243; z_index=&#8221;0&#8243; medium_width=&#8221;0&#8243; align_mobile=&#8221;align_center_mobile&#8221; mobile_width=&#8221;0&#8243; width=&#8221;1\/2&#8243; css=&#8221;.vc_custom_1589352871175{padding-right: 0px !important;padding-bottom: 0px !important;padding-left: 0px !important;}&#8221;][vc_custom_heading heading_semantic=&#8221;h3&#8243; text_weight=&#8221;700&#8243;]Febrero[\/vc_custom_heading][vc_custom_heading heading_semantic=&#8221;h3&#8243; text_size=&#8221;h6&#8243; text_weight=&#8221;400&#8243; text_color=&#8221;color-wvjs&#8221;]Flores, nieblas, los primeros rayos de sol, el canto de los p\u00e1jaros, la tierra y los quesos comienzan a despertar[\/vc_custom_heading][vc_single_image media=&#8221;81125&#8243; media_width_percent=&#8221;100&#8243;][\/vc_column_inner][\/vc_row_inner][vc_row_inner row_inner_height_percent=&#8221;0&#8243; overlay_alpha=&#8221;50&#8243; gutter_size=&#8221;3&#8243; shift_y=&#8221;0&#8243; z_index=&#8221;0&#8243; limit_content=&#8221;&#8221;][vc_column_inner column_width_percent=&#8221;100&#8243; align_horizontal=&#8221;align_center&#8221; gutter_size=&#8221;3&#8243; back_color=&#8221;color-xsdn&#8221; overlay_alpha=&#8221;50&#8243; shift_x=&#8221;0&#8243; shift_y=&#8221;0&#8243; shift_y_down=&#8221;0&#8243; z_index=&#8221;0&#8243; medium_width=&#8221;0&#8243; mobile_width=&#8221;0&#8243; width=&#8221;1\/2&#8243; css=&#8221;.vc_custom_1589352563459{padding-right: 0px !important;padding-bottom: 0px !important;padding-left: 0px !important;}&#8221;][vc_custom_heading heading_semantic=&#8221;h3&#8243; text_weight=&#8221;700&#8243;]Marzo[\/vc_custom_heading][vc_custom_heading heading_semantic=&#8221;h3&#8243; text_size=&#8221;h6&#8243; text_weight=&#8221;400&#8243; text_color=&#8221;color-wvjs&#8221;]Las primeras plantas arom\u00e1ticas empiezan a salir mientras las ovejas se divierten comi\u00e9ndolas. Hay aromas a tomillo, romero y cantueso que comienzan a aparecer en los quesos[\/vc_custom_heading][vc_single_image media=&#8221;81127&#8243; media_width_percent=&#8221;100&#8243;][\/vc_column_inner][vc_column_inner column_width_percent=&#8221;100&#8243; position_vertical=&#8221;middle&#8221; align_horizontal=&#8221;align_center&#8221; gutter_size=&#8221;3&#8243; back_color=&#8221;color-xsdn&#8221; overlay_alpha=&#8221;50&#8243; shift_x=&#8221;0&#8243; shift_y=&#8221;0&#8243; shift_y_down=&#8221;0&#8243; z_index=&#8221;0&#8243; medium_width=&#8221;0&#8243; align_mobile=&#8221;align_center_mobile&#8221; mobile_width=&#8221;0&#8243; width=&#8221;1\/2&#8243; css=&#8221;.vc_custom_1589352871175{padding-right: 0px !important;padding-bottom: 0px !important;padding-left: 0px !important;}&#8221;][vc_custom_heading heading_semantic=&#8221;h3&#8243; text_weight=&#8221;700&#8243;]Abril[\/vc_custom_heading][vc_custom_heading heading_semantic=&#8221;h3&#8243; text_size=&#8221;h6&#8243; text_weight=&#8221;400&#8243; text_color=&#8221;color-wvjs&#8221;]Lluvias mil. Las gotas de agua sobre las hojas de la hierba que comen las ovejas, diluyen aromas y sabores. Los quesos comienzan a ser muy arom\u00e1ticos y\u00a0 juguetones[\/vc_custom_heading][vc_single_image media=&#8221;81128&#8243; media_width_percent=&#8221;100&#8243;][\/vc_column_inner][\/vc_row_inner][vc_row_inner row_inner_height_percent=&#8221;0&#8243; overlay_alpha=&#8221;50&#8243; gutter_size=&#8221;3&#8243; shift_y=&#8221;0&#8243; z_index=&#8221;0&#8243; limit_content=&#8221;&#8221;][vc_column_inner column_width_percent=&#8221;100&#8243; align_horizontal=&#8221;align_center&#8221; gutter_size=&#8221;3&#8243; back_color=&#8221;color-xsdn&#8221; overlay_alpha=&#8221;50&#8243; shift_x=&#8221;0&#8243; shift_y=&#8221;0&#8243; shift_y_down=&#8221;0&#8243; z_index=&#8221;0&#8243; medium_width=&#8221;0&#8243; mobile_width=&#8221;0&#8243; width=&#8221;1\/2&#8243; css=&#8221;.vc_custom_1589352563459{padding-right: 0px !important;padding-bottom: 0px !important;padding-left: 0px !important;}&#8221;][vc_custom_heading heading_semantic=&#8221;h3&#8243; text_weight=&#8221;700&#8243;]Mayo[\/vc_custom_heading][vc_custom_heading heading_semantic=&#8221;h5&#8243; text_size=&#8221;h6&#8243; text_weight=&#8221;400&#8243; text_color=&#8221;color-wvjs&#8221;]Ya es primavera. En\u00a0 el campo hay una explosi\u00f3n de flores que se cuelan en los cultivos, -no utilizar herbicidas es lo que tiene-. Los quesos comienzan a tener la pasta m\u00e1s amarilla con claros toques a mantequilla[\/vc_custom_heading][vc_single_image media=&#8221;81130&#8243; media_width_percent=&#8221;100&#8243;][\/vc_column_inner][vc_column_inner column_width_percent=&#8221;100&#8243; position_vertical=&#8221;middle&#8221; align_horizontal=&#8221;align_center&#8221; gutter_size=&#8221;3&#8243; back_color=&#8221;color-xsdn&#8221; overlay_alpha=&#8221;50&#8243; shift_x=&#8221;0&#8243; shift_y=&#8221;0&#8243; shift_y_down=&#8221;0&#8243; z_index=&#8221;0&#8243; medium_width=&#8221;0&#8243; align_mobile=&#8221;align_center_mobile&#8221; mobile_width=&#8221;0&#8243; width=&#8221;1\/2&#8243; css=&#8221;.vc_custom_1589352871175{padding-right: 0px !important;padding-bottom: 0px !important;padding-left: 0px !important;}&#8221;][vc_custom_heading heading_semantic=&#8221;h3&#8243; text_weight=&#8221;700&#8243;]Junio[\/vc_custom_heading][vc_custom_heading heading_semantic=&#8221;h3&#8243; text_size=&#8221;h6&#8243; text_weight=&#8221;400&#8243; text_color=&#8221;color-wvjs&#8221;]Llega el calor, es fecha de esquilo. La textura de los quesos es m\u00e1s seca, m\u00e1s firme[\/vc_custom_heading][vc_single_image media=&#8221;81131&#8243; media_width_percent=&#8221;100&#8243;][\/vc_column_inner][\/vc_row_inner][vc_row_inner row_inner_height_percent=&#8221;0&#8243; overlay_alpha=&#8221;50&#8243; gutter_size=&#8221;3&#8243; shift_y=&#8221;0&#8243; z_index=&#8221;0&#8243; limit_content=&#8221;&#8221;][vc_column_inner column_width_percent=&#8221;100&#8243; align_horizontal=&#8221;align_center&#8221; gutter_size=&#8221;3&#8243; back_color=&#8221;color-xsdn&#8221; overlay_alpha=&#8221;50&#8243; shift_x=&#8221;0&#8243; shift_y=&#8221;0&#8243; shift_y_down=&#8221;0&#8243; z_index=&#8221;0&#8243; medium_width=&#8221;0&#8243; mobile_width=&#8221;0&#8243; width=&#8221;1\/2&#8243; css=&#8221;.vc_custom_1589352563459{padding-right: 0px !important;padding-bottom: 0px !important;padding-left: 0px !important;}&#8221;][vc_custom_heading heading_semantic=&#8221;h3&#8243; text_weight=&#8221;700&#8243;]Julio[\/vc_custom_heading][vc_custom_heading heading_semantic=&#8221;h3&#8243; text_size=&#8221;h6&#8243; text_weight=&#8221;400&#8243; text_color=&#8221;color-wvjs&#8221;]Ya es hora de cosechar y de recoger el trabajo de todo el a\u00f1o. Los d\u00edas m\u00e1s largos y el calor m\u00e1s intenso. Las ovejas van al campo a comer la rastrojera, los aromas a cereales en el queso son evidentes[\/vc_custom_heading][vc_single_image media=&#8221;81132&#8243; media_width_percent=&#8221;100&#8243;][\/vc_column_inner][vc_column_inner column_width_percent=&#8221;100&#8243; position_vertical=&#8221;middle&#8221; align_horizontal=&#8221;align_center&#8221; gutter_size=&#8221;3&#8243; back_color=&#8221;color-xsdn&#8221; overlay_alpha=&#8221;50&#8243; shift_x=&#8221;0&#8243; shift_y=&#8221;0&#8243; shift_y_down=&#8221;0&#8243; z_index=&#8221;0&#8243; medium_width=&#8221;0&#8243; align_mobile=&#8221;align_center_mobile&#8221; mobile_width=&#8221;0&#8243; width=&#8221;1\/2&#8243; css=&#8221;.vc_custom_1589352871175{padding-right: 0px !important;padding-bottom: 0px !important;padding-left: 0px !important;}&#8221;][vc_custom_heading heading_semantic=&#8221;h3&#8243; text_weight=&#8221;700&#8243;]Agosto[\/vc_custom_heading][vc_custom_heading heading_semantic=&#8221;h3&#8243; text_size=&#8221;h6&#8243; text_weight=&#8221;400&#8243; text_color=&#8221;color-wvjs&#8221;]La Finca es un cuadro de Van Gogh. Todo est\u00e1 en una calma expectante, el tiempo parece detenerse a la espera del oto\u00f1o[\/vc_custom_heading][vc_single_image media=&#8221;81133&#8243; media_width_percent=&#8221;100&#8243;][\/vc_column_inner][\/vc_row_inner][vc_row_inner row_inner_height_percent=&#8221;0&#8243; overlay_alpha=&#8221;50&#8243; gutter_size=&#8221;3&#8243; shift_y=&#8221;0&#8243; z_index=&#8221;0&#8243; limit_content=&#8221;&#8221;][vc_column_inner column_width_percent=&#8221;100&#8243; align_horizontal=&#8221;align_center&#8221; gutter_size=&#8221;3&#8243; back_color=&#8221;color-xsdn&#8221; overlay_alpha=&#8221;50&#8243; shift_x=&#8221;0&#8243; shift_y=&#8221;0&#8243; shift_y_down=&#8221;0&#8243; z_index=&#8221;0&#8243; medium_width=&#8221;0&#8243; mobile_width=&#8221;0&#8243; width=&#8221;1\/2&#8243; css=&#8221;.vc_custom_1589352563459{padding-right: 0px !important;padding-bottom: 0px !important;padding-left: 0px !important;}&#8221;][vc_custom_heading heading_semantic=&#8221;h3&#8243; text_weight=&#8221;700&#8243;]Septiembre[\/vc_custom_heading][vc_custom_heading heading_semantic=&#8221;h3&#8243; text_size=&#8221;h6&#8243; text_weight=&#8221;400&#8243; text_color=&#8221;color-wvjs&#8221;]Los d\u00edas empiezan a ser m\u00e1s cortos. D\u00edas calurosos y noches agradables. La tierra se prepara y los quesos comienzan a ser m\u00e1s tranquilos[\/vc_custom_heading][vc_single_image media=&#8221;81134&#8243; media_width_percent=&#8221;100&#8243;][\/vc_column_inner][vc_column_inner column_width_percent=&#8221;100&#8243; position_vertical=&#8221;middle&#8221; align_horizontal=&#8221;align_center&#8221; gutter_size=&#8221;3&#8243; back_color=&#8221;color-xsdn&#8221; overlay_alpha=&#8221;50&#8243; shift_x=&#8221;0&#8243; shift_y=&#8221;0&#8243; shift_y_down=&#8221;0&#8243; z_index=&#8221;0&#8243; medium_width=&#8221;0&#8243; align_mobile=&#8221;align_center_mobile&#8221; mobile_width=&#8221;0&#8243; width=&#8221;1\/2&#8243; css=&#8221;.vc_custom_1589352871175{padding-right: 0px !important;padding-bottom: 0px !important;padding-left: 0px !important;}&#8221;][vc_custom_heading heading_semantic=&#8221;h3&#8243; text_weight=&#8221;700&#8243;]Octubre[\/vc_custom_heading][vc_custom_heading heading_semantic=&#8221;h3&#8243; text_size=&#8221;h6&#8243; text_weight=&#8221;400&#8243; text_color=&#8221;color-wvjs&#8221;]\u00c9poca de transici\u00f3n en la Finca, los quesos que se elaboran en octubre son sobrios y honestos[\/vc_custom_heading][vc_single_image media=&#8221;81135&#8243; media_width_percent=&#8221;100&#8243;][\/vc_column_inner][\/vc_row_inner][vc_row_inner row_inner_height_percent=&#8221;0&#8243; overlay_alpha=&#8221;50&#8243; gutter_size=&#8221;3&#8243; shift_y=&#8221;0&#8243; z_index=&#8221;0&#8243; limit_content=&#8221;&#8221;][vc_column_inner column_width_percent=&#8221;100&#8243; align_horizontal=&#8221;align_center&#8221; gutter_size=&#8221;3&#8243; back_color=&#8221;color-xsdn&#8221; overlay_alpha=&#8221;50&#8243; shift_x=&#8221;0&#8243; shift_y=&#8221;0&#8243; shift_y_down=&#8221;0&#8243; z_index=&#8221;0&#8243; medium_width=&#8221;0&#8243; mobile_width=&#8221;0&#8243; width=&#8221;1\/2&#8243; css=&#8221;.vc_custom_1589352563459{padding-right: 0px !important;padding-bottom: 0px !important;padding-left: 0px !important;}&#8221;][vc_custom_heading heading_semantic=&#8221;h3&#8243; text_weight=&#8221;700&#8243;]Noviembre[\/vc_custom_heading][vc_custom_heading heading_semantic=&#8221;h3&#8243; text_size=&#8221;h6&#8243; text_weight=&#8221;400&#8243; text_color=&#8221;color-wvjs&#8221;]La tierra se vuelve a sembrar. El ciclo se va completando, pleno oto\u00f1o, los quesos empiezan a prepararse para estar presentes en las celebraciones que vienen[\/vc_custom_heading][vc_single_image media=&#8221;81136&#8243; media_width_percent=&#8221;100&#8243;][\/vc_column_inner][vc_column_inner column_width_percent=&#8221;100&#8243; position_vertical=&#8221;middle&#8221; align_horizontal=&#8221;align_center&#8221; gutter_size=&#8221;3&#8243; back_color=&#8221;color-xsdn&#8221; overlay_alpha=&#8221;50&#8243; shift_x=&#8221;0&#8243; shift_y=&#8221;0&#8243; shift_y_down=&#8221;0&#8243; z_index=&#8221;0&#8243; medium_width=&#8221;0&#8243; align_mobile=&#8221;align_center_mobile&#8221; mobile_width=&#8221;0&#8243; width=&#8221;1\/2&#8243; css=&#8221;.vc_custom_1589352871175{padding-right: 0px !important;padding-bottom: 0px !important;padding-left: 0px !important;}&#8221;][vc_custom_heading heading_semantic=&#8221;h3&#8243; text_weight=&#8221;700&#8243;]Diciembre[\/vc_custom_heading][vc_custom_heading heading_semantic=&#8221;h3&#8243; text_size=&#8221;h6&#8243; text_weight=&#8221;400&#8243; text_color=&#8221;color-wvjs&#8221;]El circulo se completa. Los quesos se ponen nerviosos porque se espera mucho de ellos, las uvas se convierten en sus amigas perfectas, ya sabes uvas y quesos saben a besos[\/vc_custom_heading][vc_single_image media=&#8221;81137&#8243; media_width_percent=&#8221;100&#8243;][\/vc_column_inner][\/vc_row_inner][\/vc_column][\/vc_row][vc_row unlock_row_content=&#8221;yes&#8221; row_height_percent=&#8221;0&#8243; override_padding=&#8221;yes&#8221; h_padding=&#8221;2&#8243; top_padding=&#8221;3&#8243; bottom_padding=&#8221;3&#8243; back_color=&#8221;color-xsdn&#8221; overlay_alpha=&#8221;100&#8243; gutter_size=&#8221;100&#8243; column_width_percent=&#8221;100&#8243; shift_y=&#8221;0&#8243; z_index=&#8221;0&#8243; style=&#8221;inherited&#8221;][vc_column column_width_percent=&#8221;60&#8243; align_horizontal=&#8221;align_center&#8221; gutter_size=&#8221;3&#8243; overlay_alpha=&#8221;50&#8243; shift_x=&#8221;0&#8243; shift_y=&#8221;0&#8243; shift_y_down=&#8221;0&#8243; z_index=&#8221;0&#8243; medium_width=&#8221;0&#8243; mobile_width=&#8221;0&#8243; zoom_width=&#8221;0&#8243; zoom_height=&#8221;0&#8243; width=&#8221;1\/1&#8243;][vc_single_image media=&#8221;81377&#8243; media_width_use_pixel=&#8221;yes&#8221; alignment=&#8221;center&#8221; css_animation=&#8221;alpha-anim&#8221; animation_delay=&#8221;100&#8243; media_width_pixel=&#8221;375&#8243;][\/vc_column][\/vc_row]<\/p>\n<\/div>","protected":false},"excerpt":{"rendered":"<p>[vc_row unlock_row_content=&#8221;yes&#8221; row_height_percent=&#8221;0&#8243; override_padding=&#8221;yes&#8221; h_padding=&#8221;2&#8243; top_padding=&#8221;4&#8243; bottom_padding=&#8221;4&#8243; back_color=&#8221;color-xsdn&#8221; overlay_color=&#8221;color-xsdn&#8221; overlay_alpha=&#8221;95&#8243; gutter_size=&#8221;3&#8243; column_width_percent=&#8221;100&#8243; shift_y=&#8221;0&#8243; z_index=&#8221;0&#8243; el_class=&#8221;cont-dest-home&#8221;][vc_column column_width_percent=&#8221;75&#8243; position_vertical=&#8221;middle&#8221; align_horizontal=&#8221;align_center&#8221; gutter_size=&#8221;3&#8243; overlay_alpha=&#8221;50&#8243; [&hellip;]<\/p>\n","protected":false},"author":2,"featured_media":81893,"parent":81994,"menu_order":0,"comment_status":"closed","ping_status":"closed","template":"","meta":{"footnotes":""},"class_list":["post-82010","page","type-page","status-publish","has-post-thumbnail","hentry","page_category-classic-en"],"yoast_head":"<!-- This site is optimized with the Yoast SEO plugin v26.4 - https:\/\/yoast.com\/wordpress\/plugins\/seo\/ -->\n<title>Over the Time - Finca Fuentillezjos: Queso Ecol\u00f3gico de Oveja<\/title>\n<meta name=\"robots\" content=\"index, follow, max-snippet:-1, max-image-preview:large, max-video-preview:-1\" \/>\n<link rel=\"canonical\" href=\"https:\/\/www.fincafuentillezjos.com\/en\/the-farm\/over-the-time\/\" \/>\n<meta property=\"og:locale\" content=\"en_US\" \/>\n<meta property=\"og:type\" content=\"article\" \/>\n<meta property=\"og:title\" content=\"Over the Time - Finca Fuentillezjos: Queso Ecol\u00f3gico de Oveja\" \/>\n<meta property=\"og:description\" content=\"[vc_row unlock_row_content=&#8221;yes&#8221; row_height_percent=&#8221;0&#8243; override_padding=&#8221;yes&#8221; h_padding=&#8221;2&#8243; top_padding=&#8221;4&#8243; bottom_padding=&#8221;4&#8243; back_color=&#8221;color-xsdn&#8221; overlay_color=&#8221;color-xsdn&#8221; overlay_alpha=&#8221;95&#8243; gutter_size=&#8221;3&#8243; column_width_percent=&#8221;100&#8243; shift_y=&#8221;0&#8243; z_index=&#8221;0&#8243; el_class=&#8221;cont-dest-home&#8221;][vc_column column_width_percent=&#8221;75&#8243; position_vertical=&#8221;middle&#8221; align_horizontal=&#8221;align_center&#8221; gutter_size=&#8221;3&#8243; overlay_alpha=&#8221;50&#8243; [&hellip;]\" \/>\n<meta property=\"og:url\" content=\"https:\/\/www.fincafuentillezjos.com\/en\/the-farm\/over-the-time\/\" \/>\n<meta property=\"og:site_name\" content=\"Finca Fuentillezjos: Queso Ecol\u00f3gico de Oveja\" \/>\n<meta property=\"article:modified_time\" content=\"2021-07-26T12:49:49+00:00\" \/>\n<meta property=\"og:image\" content=\"https:\/\/www.fincafuentillezjos.com\/wp-content\/uploads\/2020\/03\/dest-template.jpg\" \/>\n\t<meta property=\"og:image:width\" content=\"300\" \/>\n\t<meta property=\"og:image:height\" content=\"300\" \/>\n\t<meta property=\"og:image:type\" content=\"image\/jpeg\" \/>\n<meta name=\"twitter:card\" content=\"summary_large_image\" \/>\n<meta name=\"twitter:label1\" content=\"Est. reading time\" \/>\n\t<meta name=\"twitter:data1\" content=\"4 minutes\" \/>\n<script type=\"application\/ld+json\" class=\"yoast-schema-graph\">{\"@context\":\"https:\/\/schema.org\",\"@graph\":[{\"@type\":\"WebPage\",\"@id\":\"https:\/\/www.fincafuentillezjos.com\/en\/the-farm\/over-the-time\/\",\"url\":\"https:\/\/www.fincafuentillezjos.com\/en\/the-farm\/over-the-time\/\",\"name\":\"Over the Time - Finca Fuentillezjos: Queso Ecol\u00f3gico de Oveja\",\"isPartOf\":{\"@id\":\"https:\/\/www.fincafuentillezjos.com\/en\/#website\"},\"primaryImageOfPage\":{\"@id\":\"https:\/\/www.fincafuentillezjos.com\/en\/the-farm\/over-the-time\/#primaryimage\"},\"image\":{\"@id\":\"https:\/\/www.fincafuentillezjos.com\/en\/the-farm\/over-the-time\/#primaryimage\"},\"thumbnailUrl\":\"https:\/\/i0.wp.com\/www.fincafuentillezjos.com\/wp-content\/uploads\/2020\/03\/dest-template.jpg?fit=300%2C300&ssl=1\",\"datePublished\":\"2021-07-26T12:49:43+00:00\",\"dateModified\":\"2021-07-26T12:49:49+00:00\",\"breadcrumb\":{\"@id\":\"https:\/\/www.fincafuentillezjos.com\/en\/the-farm\/over-the-time\/#breadcrumb\"},\"inLanguage\":\"en-US\",\"potentialAction\":[{\"@type\":\"ReadAction\",\"target\":[\"https:\/\/www.fincafuentillezjos.com\/en\/the-farm\/over-the-time\/\"]}]},{\"@type\":\"ImageObject\",\"inLanguage\":\"en-US\",\"@id\":\"https:\/\/www.fincafuentillezjos.com\/en\/the-farm\/over-the-time\/#primaryimage\",\"url\":\"https:\/\/i0.wp.com\/www.fincafuentillezjos.com\/wp-content\/uploads\/2020\/03\/dest-template.jpg?fit=300%2C300&ssl=1\",\"contentUrl\":\"https:\/\/i0.wp.com\/www.fincafuentillezjos.com\/wp-content\/uploads\/2020\/03\/dest-template.jpg?fit=300%2C300&ssl=1\",\"width\":300,\"height\":300},{\"@type\":\"BreadcrumbList\",\"@id\":\"https:\/\/www.fincafuentillezjos.com\/en\/the-farm\/over-the-time\/#breadcrumb\",\"itemListElement\":[{\"@type\":\"ListItem\",\"position\":1,\"name\":\"Portada\",\"item\":\"https:\/\/www.fincafuentillezjos.com\/en\/\"},{\"@type\":\"ListItem\",\"position\":2,\"name\":\"The farm\",\"item\":\"https:\/\/www.fincafuentillezjos.com\/en\/the-farm\/\"},{\"@type\":\"ListItem\",\"position\":3,\"name\":\"Over the Time\"}]},{\"@type\":\"WebSite\",\"@id\":\"https:\/\/www.fincafuentillezjos.com\/en\/#website\",\"url\":\"https:\/\/www.fincafuentillezjos.com\/en\/\",\"name\":\"Finca Fuentillezjos: Queso Ecol\u00f3gico de Oveja\",\"description\":\"Queso Ecol\u00f3gico de Oveja de la Finca Fuentillezjos\",\"publisher\":{\"@id\":\"https:\/\/www.fincafuentillezjos.com\/en\/#organization\"},\"potentialAction\":[{\"@type\":\"SearchAction\",\"target\":{\"@type\":\"EntryPoint\",\"urlTemplate\":\"https:\/\/www.fincafuentillezjos.com\/en\/?s={search_term_string}\"},\"query-input\":{\"@type\":\"PropertyValueSpecification\",\"valueRequired\":true,\"valueName\":\"search_term_string\"}}],\"inLanguage\":\"en-US\"},{\"@type\":\"Organization\",\"@id\":\"https:\/\/www.fincafuentillezjos.com\/en\/#organization\",\"name\":\"Finca Fuentillezjos | Manchego Bio\",\"url\":\"https:\/\/www.fincafuentillezjos.com\/en\/\",\"logo\":{\"@type\":\"ImageObject\",\"inLanguage\":\"en-US\",\"@id\":\"https:\/\/www.fincafuentillezjos.com\/en\/#\/schema\/logo\/image\/\",\"url\":\"https:\/\/www.fincafuentillezjos.com\/wp-content\/uploads\/2020\/05\/logo-header-bio.png\",\"contentUrl\":\"https:\/\/www.fincafuentillezjos.com\/wp-content\/uploads\/2020\/05\/logo-header-bio.png\",\"width\":478,\"height\":199,\"caption\":\"Finca Fuentillezjos | Manchego Bio\"},\"image\":{\"@id\":\"https:\/\/www.fincafuentillezjos.com\/en\/#\/schema\/logo\/image\/\"}}]}<\/script>\n<!-- \/ Yoast SEO plugin. -->","yoast_head_json":{"title":"Over the Time - Finca Fuentillezjos: Queso Ecol\u00f3gico de Oveja","robots":{"index":"index","follow":"follow","max-snippet":"max-snippet:-1","max-image-preview":"max-image-preview:large","max-video-preview":"max-video-preview:-1"},"canonical":"https:\/\/www.fincafuentillezjos.com\/en\/the-farm\/over-the-time\/","og_locale":"en_US","og_type":"article","og_title":"Over the Time - Finca Fuentillezjos: Queso Ecol\u00f3gico de Oveja","og_description":"[vc_row unlock_row_content=&#8221;yes&#8221; row_height_percent=&#8221;0&#8243; override_padding=&#8221;yes&#8221; h_padding=&#8221;2&#8243; top_padding=&#8221;4&#8243; bottom_padding=&#8221;4&#8243; back_color=&#8221;color-xsdn&#8221; overlay_color=&#8221;color-xsdn&#8221; overlay_alpha=&#8221;95&#8243; gutter_size=&#8221;3&#8243; column_width_percent=&#8221;100&#8243; shift_y=&#8221;0&#8243; z_index=&#8221;0&#8243; el_class=&#8221;cont-dest-home&#8221;][vc_column column_width_percent=&#8221;75&#8243; position_vertical=&#8221;middle&#8221; align_horizontal=&#8221;align_center&#8221; gutter_size=&#8221;3&#8243; overlay_alpha=&#8221;50&#8243; [&hellip;]","og_url":"https:\/\/www.fincafuentillezjos.com\/en\/the-farm\/over-the-time\/","og_site_name":"Finca Fuentillezjos: Queso Ecol\u00f3gico de Oveja","article_modified_time":"2021-07-26T12:49:49+00:00","og_image":[{"width":300,"height":300,"url":"https:\/\/www.fincafuentillezjos.com\/wp-content\/uploads\/2020\/03\/dest-template.jpg","type":"image\/jpeg"}],"twitter_card":"summary_large_image","twitter_misc":{"Est. reading time":"4 minutes"},"schema":{"@context":"https:\/\/schema.org","@graph":[{"@type":"WebPage","@id":"https:\/\/www.fincafuentillezjos.com\/en\/the-farm\/over-the-time\/","url":"https:\/\/www.fincafuentillezjos.com\/en\/the-farm\/over-the-time\/","name":"Over the Time - Finca Fuentillezjos: Queso Ecol\u00f3gico de Oveja","isPartOf":{"@id":"https:\/\/www.fincafuentillezjos.com\/en\/#website"},"primaryImageOfPage":{"@id":"https:\/\/www.fincafuentillezjos.com\/en\/the-farm\/over-the-time\/#primaryimage"},"image":{"@id":"https:\/\/www.fincafuentillezjos.com\/en\/the-farm\/over-the-time\/#primaryimage"},"thumbnailUrl":"https:\/\/i0.wp.com\/www.fincafuentillezjos.com\/wp-content\/uploads\/2020\/03\/dest-template.jpg?fit=300%2C300&ssl=1","datePublished":"2021-07-26T12:49:43+00:00","dateModified":"2021-07-26T12:49:49+00:00","breadcrumb":{"@id":"https:\/\/www.fincafuentillezjos.com\/en\/the-farm\/over-the-time\/#breadcrumb"},"inLanguage":"en-US","potentialAction":[{"@type":"ReadAction","target":["https:\/\/www.fincafuentillezjos.com\/en\/the-farm\/over-the-time\/"]}]},{"@type":"ImageObject","inLanguage":"en-US","@id":"https:\/\/www.fincafuentillezjos.com\/en\/the-farm\/over-the-time\/#primaryimage","url":"https:\/\/i0.wp.com\/www.fincafuentillezjos.com\/wp-content\/uploads\/2020\/03\/dest-template.jpg?fit=300%2C300&ssl=1","contentUrl":"https:\/\/i0.wp.com\/www.fincafuentillezjos.com\/wp-content\/uploads\/2020\/03\/dest-template.jpg?fit=300%2C300&ssl=1","width":300,"height":300},{"@type":"BreadcrumbList","@id":"https:\/\/www.fincafuentillezjos.com\/en\/the-farm\/over-the-time\/#breadcrumb","itemListElement":[{"@type":"ListItem","position":1,"name":"Portada","item":"https:\/\/www.fincafuentillezjos.com\/en\/"},{"@type":"ListItem","position":2,"name":"The farm","item":"https:\/\/www.fincafuentillezjos.com\/en\/the-farm\/"},{"@type":"ListItem","position":3,"name":"Over the Time"}]},{"@type":"WebSite","@id":"https:\/\/www.fincafuentillezjos.com\/en\/#website","url":"https:\/\/www.fincafuentillezjos.com\/en\/","name":"Finca Fuentillezjos: Queso Ecol\u00f3gico de Oveja","description":"Queso Ecol\u00f3gico de Oveja de la Finca Fuentillezjos","publisher":{"@id":"https:\/\/www.fincafuentillezjos.com\/en\/#organization"},"potentialAction":[{"@type":"SearchAction","target":{"@type":"EntryPoint","urlTemplate":"https:\/\/www.fincafuentillezjos.com\/en\/?s={search_term_string}"},"query-input":{"@type":"PropertyValueSpecification","valueRequired":true,"valueName":"search_term_string"}}],"inLanguage":"en-US"},{"@type":"Organization","@id":"https:\/\/www.fincafuentillezjos.com\/en\/#organization","name":"Finca Fuentillezjos | Manchego Bio","url":"https:\/\/www.fincafuentillezjos.com\/en\/","logo":{"@type":"ImageObject","inLanguage":"en-US","@id":"https:\/\/www.fincafuentillezjos.com\/en\/#\/schema\/logo\/image\/","url":"https:\/\/www.fincafuentillezjos.com\/wp-content\/uploads\/2020\/05\/logo-header-bio.png","contentUrl":"https:\/\/www.fincafuentillezjos.com\/wp-content\/uploads\/2020\/05\/logo-header-bio.png","width":478,"height":199,"caption":"Finca Fuentillezjos | Manchego Bio"},"image":{"@id":"https:\/\/www.fincafuentillezjos.com\/en\/#\/schema\/logo\/image\/"}}]}},"jetpack_sharing_enabled":true,"_links":{"self":[{"href":"https:\/\/www.fincafuentillezjos.com\/en\/wp-json\/wp\/v2\/pages\/82010","targetHints":{"allow":["GET"]}}],"collection":[{"href":"https:\/\/www.fincafuentillezjos.com\/en\/wp-json\/wp\/v2\/pages"}],"about":[{"href":"https:\/\/www.fincafuentillezjos.com\/en\/wp-json\/wp\/v2\/types\/page"}],"author":[{"embeddable":true,"href":"https:\/\/www.fincafuentillezjos.com\/en\/wp-json\/wp\/v2\/users\/2"}],"replies":[{"embeddable":true,"href":"https:\/\/www.fincafuentillezjos.com\/en\/wp-json\/wp\/v2\/comments?post=82010"}],"version-history":[{"count":2,"href":"https:\/\/www.fincafuentillezjos.com\/en\/wp-json\/wp\/v2\/pages\/82010\/revisions"}],"predecessor-version":[{"id":82013,"href":"https:\/\/www.fincafuentillezjos.com\/en\/wp-json\/wp\/v2\/pages\/82010\/revisions\/82013"}],"up":[{"embeddable":true,"href":"https:\/\/www.fincafuentillezjos.com\/en\/wp-json\/wp\/v2\/pages\/81994"}],"wp:featuredmedia":[{"embeddable":true,"href":"https:\/\/www.fincafuentillezjos.com\/en\/wp-json\/wp\/v2\/media\/81893"}],"wp:attachment":[{"href":"https:\/\/www.fincafuentillezjos.com\/en\/wp-json\/wp\/v2\/media?parent=82010"}],"curies":[{"name":"wp","href":"https:\/\/api.w.org\/{rel}","templated":true}]}}