{"id":81943,"date":"2019-08-30T21:21:04","date_gmt":"2019-08-30T19:21:04","guid":{"rendered":"https:\/\/www.fincafuentillezjos.com\/?page_id=81943"},"modified":"2022-06-30T10:42:01","modified_gmt":"2022-06-30T08:42:01","slug":"who-are-we","status":"publish","type":"page","link":"https:\/\/www.fincafuentillezjos.com\/en\/who-are-we\/","title":{"rendered":"Who are we?"},"content":{"rendered":"<div class=\"wpb-content-wrapper\"><p>[vc_row unlock_row_content=&#8221;yes&#8221; row_height_percent=&#8221;0&#8243; override_padding=&#8221;yes&#8221; h_padding=&#8221;2&#8243; top_padding=&#8221;4&#8243; bottom_padding=&#8221;4&#8243; back_color=&#8221;color-xsdn&#8221; overlay_color=&#8221;color-xsdn&#8221; overlay_alpha=&#8221;95&#8243; gutter_size=&#8221;3&#8243; column_width_percent=&#8221;100&#8243; shift_y=&#8221;0&#8243; z_index=&#8221;0&#8243; el_class=&#8221;cont-dest-home&#8221;][vc_column column_width_percent=&#8221;75&#8243; position_vertical=&#8221;middle&#8221; align_horizontal=&#8221;align_center&#8221; gutter_size=&#8221;3&#8243; overlay_alpha=&#8221;50&#8243; shift_x=&#8221;0&#8243; shift_y=&#8221;0&#8243; shift_y_down=&#8221;0&#8243; z_index=&#8221;0&#8243; medium_width=&#8221;0&#8243; mobile_width=&#8221;0&#8243; width=&#8221;1\/1&#8243;][vc_row_inner limit_content=&#8221;&#8221;][vc_column_inner column_width_percent=&#8221;65&#8243; align_horizontal=&#8221;align_center&#8221; gutter_size=&#8221;3&#8243; overlay_alpha=&#8221;50&#8243; shift_x=&#8221;0&#8243; shift_y=&#8221;0&#8243; shift_y_down=&#8221;0&#8243; z_index=&#8221;0&#8243; medium_width=&#8221;0&#8243; mobile_width=&#8221;0&#8243; width=&#8221;1\/1&#8243;][vc_custom_heading text_color=&#8221;ff-blue-dark&#8221; heading_semantic=&#8221;h1&#8243; text_font=&#8221;font-175345&#8243; text_size=&#8221;h1&#8243; text_weight=&#8221;700&#8243; text_height=&#8221;fontheight-357766&#8243; uncode_shortcode_id=&#8221;316867&#8243; text_color_type=&#8221;uncode-palette&#8221;]True to our traditions[\/vc_custom_heading][vc_custom_heading text_color=&#8221;accent&#8221; heading_semantic=&#8221;h3&#8243; text_font=&#8221;font-175345&#8243; text_size=&#8221;h3&#8243; text_weight=&#8221;700&#8243; text_height=&#8221;fontheight-357766&#8243; separator=&#8221;yes&#8221; separator_color=&#8221;yes&#8221; uncode_shortcode_id=&#8221;917283&#8243; text_color_type=&#8221;uncode-palette&#8221;]At Finca Fuentillezjos there are 3514 workers[\/vc_custom_heading][vc_custom_heading text_color=&#8221;color-wvjs&#8221; heading_semantic=&#8221;h5&#8243; text_font=&#8221;font-175345&#8243; text_size=&#8221;h5&#8243; text_weight=&#8221;400&#8243; uncode_shortcode_id=&#8221;109809&#8243; text_color_type=&#8221;uncode-palette&#8221;]3500 <strong>sheep<\/strong> that are in charge of providing the milk that we use to elaborate our cheese and 14 <strong>people<\/strong> who are responsible for looking after them.<br \/>\n[\/vc_custom_heading][vc_single_image media=&#8221;80667&#8243; media_width_percent=&#8221;70&#8243; alignment=&#8221;center&#8221; uncode_shortcode_id=&#8221;796091&#8243;][\/vc_column_inner][\/vc_row_inner][\/vc_column][\/vc_row][vc_row unlock_row_content=&#8221;yes&#8221; row_height_percent=&#8221;0&#8243; override_padding=&#8221;yes&#8221; h_padding=&#8221;2&#8243; top_padding=&#8221;2&#8243; bottom_padding=&#8221;4&#8243; overlay_alpha=&#8221;100&#8243; gutter_size=&#8221;100&#8243; column_width_percent=&#8221;100&#8243; shift_y=&#8221;0&#8243; z_index=&#8221;0&#8243; style=&#8221;inherited&#8221; uncode_shortcode_id=&#8221;255894&#8243;][vc_column column_width_percent=&#8221;80&#8243; align_horizontal=&#8221;align_center&#8221; gutter_size=&#8221;3&#8243; overlay_alpha=&#8221;50&#8243; shift_x=&#8221;0&#8243; shift_y=&#8221;0&#8243; shift_y_down=&#8221;0&#8243; z_index=&#8221;0&#8243; medium_width=&#8221;0&#8243; mobile_width=&#8221;0&#8243; zoom_width=&#8221;0&#8243; zoom_height=&#8221;0&#8243; width=&#8221;1\/1&#8243;][vc_row_inner row_inner_height_percent=&#8221;0&#8243; overlay_alpha=&#8221;50&#8243; equal_height=&#8221;yes&#8221; gutter_size=&#8221;3&#8243; shift_y=&#8221;0&#8243; z_index=&#8221;0&#8243; limit_content=&#8221;&#8221; uncode_shortcode_id=&#8221;139098&#8243;][vc_column_inner width=&#8221;1\/2&#8243;][vc_single_image media=&#8221;83098&#8243; media_width_percent=&#8221;100&#8243; media_ratio=&#8221;one-one&#8221; alignment=&#8221;right&#8221; uncode_shortcode_id=&#8221;107457&#8243;][\/vc_column_inner][vc_column_inner column_width_percent=&#8221;100&#8243; position_vertical=&#8221;middle&#8221; gutter_size=&#8221;3&#8243; overlay_alpha=&#8221;50&#8243; shift_x=&#8221;0&#8243; shift_y=&#8221;0&#8243; shift_y_down=&#8221;0&#8243; z_index=&#8221;0&#8243; medium_width=&#8221;0&#8243; mobile_width=&#8221;0&#8243; width=&#8221;1\/2&#8243;][vc_custom_heading text_color=&#8221;accent&#8221; text_font=&#8221;font-175345&#8243; text_weight=&#8221;700&#8243; separator=&#8221;yes&#8221; separator_color=&#8221;yes&#8221; uncode_shortcode_id=&#8221;689298&#8243; text_color_type=&#8221;uncode-palette&#8221;]What we do and how we do it[\/vc_custom_heading][vc_custom_heading text_color=&#8221;color-wvjs&#8221; heading_semantic=&#8221;h5&#8243; text_font=&#8221;font-175345&#8243; text_size=&#8221;h5&#8243; text_weight=&#8221;400&#8243; text_height=&#8221;fontheight-357766&#8243; uncode_shortcode_id=&#8221;579008&#8243; text_color_type=&#8221;uncode-palette&#8221;]<\/p>\n<p style=\"text-align: left;\">We have always believed that we have an obligation to our territory. Finca Fuentillezjos is a piece of Manchego culture and we should therefore preserve and conserve the native sheep that have always lived here. And it goes without saying that we do it using only organic farming methods. In short, we work like farmers have throughout history but with a modern touch.<\/p>\n<p style=\"text-align: left;\">Both us and the sheep have been raised in a very traditional way, respecting the land that we occupy, as well as its culture and traditions.<\/p>\n<p style=\"text-align: left;\">We considered education and training to be vital and we wanted to be absolutely sure that living and working on the farm was a chosen option and not an imposed one. So, after seeing more of the world and finishing our degrees as agronomists in C\u00f3rdoba, we decided to come home, to the farm.<\/p>\n<p style=\"text-align: left;\">So, taking the step from playing on the farm to working on it and becoming responsible for its development, was a very natural step to take.<\/p>\n<p style=\"text-align: left;\">With the passing years we have gained knowledge and learned traditions that permit us to elaborate our organic cheeses, while respecting the land, the biodiversity and the culture of our surroundings..<\/p>\n<p style=\"text-align: left;\">We were the first organic farmers in the province of Ciudad Real and we were the first organic PDO (Protected Denomination of Origin) Manchego cheese in the world.<\/p>\n<p style=\"text-align: left;\">Now that we have grown so much, we want to continue growing, sharing our knowledge and our day to day with all of you and we continue working to make our organic Manchego cheese better and better.<\/p>\n<p>[\/vc_custom_heading][\/vc_column_inner][\/vc_row_inner][\/vc_column][\/vc_row][vc_row unlock_row_content=&#8221;yes&#8221; row_height_percent=&#8221;0&#8243; override_padding=&#8221;yes&#8221; h_padding=&#8221;2&#8243; top_padding=&#8221;2&#8243; bottom_padding=&#8221;2&#8243; overlay_alpha=&#8221;100&#8243; gutter_size=&#8221;100&#8243; column_width_percent=&#8221;100&#8243; shift_y=&#8221;0&#8243; z_index=&#8221;0&#8243; style=&#8221;inherited&#8221; uncode_shortcode_id=&#8221;898283&#8243;][vc_column column_width_percent=&#8221;80&#8243; align_horizontal=&#8221;align_center&#8221; gutter_size=&#8221;3&#8243; overlay_alpha=&#8221;50&#8243; shift_x=&#8221;0&#8243; shift_y=&#8221;0&#8243; shift_y_down=&#8221;0&#8243; z_index=&#8221;0&#8243; medium_width=&#8221;0&#8243; mobile_width=&#8221;0&#8243; zoom_width=&#8221;0&#8243; zoom_height=&#8221;0&#8243; width=&#8221;1\/1&#8243;][vc_gallery el_id=&#8221;gallery-2&#8243; type=&#8221;carousel&#8221; medias=&#8221;80344,80357,80356,81315,80358,81264,80381&#8243; gallery_back_color=&#8221;color-lxmt&#8221; carousel_lg=&#8221;3&#8243; carousel_md=&#8221;3&#8243; carousel_sm=&#8221;2&#8243; thumb_size=&#8221;one-one&#8221; gutter_size=&#8221;1&#8243; media_items=&#8221;media,icon&#8221; carousel_interval=&#8221;10000&#8243; carousel_navspeed=&#8221;400&#8243; carousel_loop=&#8221;yes&#8221; stage_padding=&#8221;0&#8243; single_overlay_opacity=&#8221;50&#8243; single_text_anim_type=&#8221;btt&#8221; single_image_anim=&#8221;no&#8221; single_h_align=&#8221;center&#8221; single_padding=&#8221;2&#8243; single_icon=&#8221;fa fa-search3&#8243; single_border=&#8221;yes&#8221; single_css_animation=&#8221;alpha-anim&#8221; single_animation_delay=&#8221;200&#8243; lbox_caption=&#8221;yes&#8221; no_double_tap=&#8221;yes&#8221; carousel_rtl=&#8221;&#8221; single_title_uppercase=&#8221;&#8221; single_title_bold=&#8221;&#8221; single_title_serif=&#8221;&#8221; onclick=&#8221;link_image&#8221; custom_links_target=&#8221;_self&#8221; items=&#8221;eyI4ODY4X2kiOnsic2luZ2xlX3dpZHRoIjoiNCIsInNpbmdsZV9oZWlnaHQiOiI0In0sIjg4NjJfaSI6eyJzaW5nbGVfd2lkdGgiOiI0Iiwic2luZ2xlX2hlaWdodCI6IjQifSwiODg2MF9pIjp7InNpbmdsZV93aWR0aCI6IjQiLCJzaW5nbGVfaGVpZ2h0IjoiNCJ9LCIyNjIxOF9pIjp7InNpbmdsZV93aWR0aCI6IjQiLCJzaW5nbGVfaGVpZ2h0IjoiNCJ9LCIyNjIyNF9pIjp7InNpbmdsZV93aWR0aCI6IjQiLCJzaW5nbGVfaGVpZ2h0IjoiNCJ9LCIyNjIyMl9pIjp7InNpbmdsZV93aWR0aCI6IjQiLCJzaW5nbGVfaGVpZ2h0IjoiNCJ9LCIyNjIyOV9pIjp7InNpbmdsZV93aWR0aCI6IjQiLCJzaW5nbGVfaGVpZ2h0IjoiNCJ9LCI1MDk5Ml9pIjp7InNpbmdsZV9pY29uIjoiZmEgZmEtc2VhcmNoMyIsInNpbmdsZV93aWR0aCI6IjQiLCJzaW5nbGVfaGVpZ2h0IjoiNCJ9LCI1MDk4OF9pIjp7InNpbmdsZV9pY29uIjoiZmEgZmEtc2VhcmNoMyIsInNpbmdsZV93aWR0aCI6IjQiLCJzaW5nbGVfaGVpZ2h0IjoiNCJ9LCI1MDk4Nl9pIjp7InNpbmdsZV9pY29uIjoiZmEgZmEtc2VhcmNoMyIsInNpbmdsZV93aWR0aCI6IjQiLCJzaW5nbGVfaGVpZ2h0IjoiNCJ9LCI1MDk4Ml9pIjp7InNpbmdsZV9pY29uIjoiZmEgZmEtc2VhcmNoMyIsInNpbmdsZV93aWR0aCI6IjQiLCJzaW5nbGVfaGVpZ2h0IjoiNCJ9LCI1MDk4M19pIjp7InNpbmdsZV9pY29uIjoiZmEgZmEtc2VhcmNoMyIsInNpbmdsZV93aWR0aCI6IjQiLCJzaW5nbGVfaGVpZ2h0IjoiNCJ9LCI1NjUxNl9pIjp7InNpbmdsZV93aWR0aCI6IjQiLCJzaW5nbGVfaGVpZ2h0IjoiNCJ9LCI1NjUwN19pIjp7InNpbmdsZV93aWR0aCI6IjQiLCJzaW5nbGVfaGVpZ2h0IjoiNCJ9LCI1NjUwNF9pIjp7InNpbmdsZV93aWR0aCI6IjQiLCJzaW5nbGVfaGVpZ2h0IjoiNCJ9LCI1NTA0OF9pIjp7InNpbmdsZV93aWR0aCI6IjQiLCJzaW5nbGVfaGVpZ2h0IjoiNCJ9LCI1NTA0NV9pIjp7InNpbmdsZV93aWR0aCI6IjQiLCJzaW5nbGVfaGVpZ2h0IjoiNCJ9LCI1NTA0N19pIjp7InNpbmdsZV93aWR0aCI6IjQiLCJzaW5nbGVfaGVpZ2h0IjoiNCJ9fQ==&#8221; single_half_padding=&#8221;&#8221; single_no_background=&#8221;&#8221; uncode_shortcode_id=&#8221;557970&#8243; gallery_back_color_type=&#8221;uncode-palette&#8221;][\/vc_column][\/vc_row][vc_row unlock_row=&#8221;&#8221; row_height_percent=&#8221;70&#8243; override_padding=&#8221;yes&#8221; h_padding=&#8221;0&#8243; top_padding=&#8221;0&#8243; bottom_padding=&#8221;0&#8243; overlay_alpha=&#8221;100&#8243; gutter_size=&#8221;0&#8243; column_width_percent=&#8221;100&#8243; shift_y=&#8221;0&#8243; z_index=&#8221;0&#8243; style=&#8221;inherited&#8221; row_name=&#8221;equipo&#8221; css=&#8221;.vc_custom_1648330306985{margin-bottom: 0px !important;}&#8221; uncode_shortcode_id=&#8221;692918&#8243;][vc_column column_width_percent=&#8221;100&#8243; position_vertical=&#8221;middle&#8221; align_horizontal=&#8221;align_center&#8221; gutter_size=&#8221;3&#8243; override_padding=&#8221;yes&#8221; column_padding=&#8221;1&#8243; overlay_alpha=&#8221;50&#8243; shift_x=&#8221;0&#8243; shift_y=&#8221;0&#8243; shift_y_down=&#8221;0&#8243; z_index=&#8221;0&#8243; medium_width=&#8221;0&#8243; mobile_width=&#8221;0&#8243; width=&#8221;1\/1&#8243; uncode_shortcode_id=&#8221;118084&#8243;][vc_empty_space empty_h=&#8221;2&#8243;][vc_custom_heading text_color=&#8221;accent&#8221; text_font=&#8221;font-175345&#8243; text_size=&#8221;&#8221; text_weight=&#8221;700&#8243; separator=&#8221;yes&#8221; separator_color=&#8221;yes&#8221; uncode_shortcode_id=&#8221;174459&#8243; text_color_type=&#8221;uncode-palette&#8221;]Los Fuenti-Habitantes[\/vc_custom_heading][vc_gallery el_id=&#8221;gallery-3377778&#8243; medias=&#8221;80148,80149,80162,80153,80160,80152,80158,80154,80175,80161,80376,80176&#8243; style_preset=&#8221;metro&#8221; gallery_back_color=&#8221;color-wayh&#8221; gutter_size=&#8221;0&#8243; media_items=&#8221;media|lightbox|original,title,caption&#8221; screen_lg=&#8221;1000&#8243; screen_md=&#8221;600&#8243; screen_sm=&#8221;480&#8243; single_overlay_coloration=&#8221;bottom_gradient&#8221; single_overlay_opacity=&#8221;50&#8243; single_overlay_visible=&#8221;yes&#8221; single_text_visible=&#8221;yes&#8221; single_text_anim_type=&#8221;btt&#8221; single_v_position=&#8221;bottom&#8221; single_padding=&#8221;1&#8243; single_title_dimension=&#8221;h4&#8243; single_border=&#8221;yes&#8221; single_css_animation=&#8221;bottom-t-top&#8221; single_animation_delay=&#8221;200&#8243; carousel_rtl=&#8221;&#8221; single_half_padding=&#8221;yes&#8221; single_title_uppercase=&#8221;&#8221; single_title_serif=&#8221;&#8221; single_no_background=&#8221;&#8221; items=&#8221;eyIxMzQwOF9pIjp7InNpbmdsZV93aWR0aCI6IjQiLCJzaW5nbGVfaGVpZ2h0IjoiNCJ9LCIxMzQwOV9pIjp7InNpbmdsZV93aWR0aCI6IjQiLCJzaW5nbGVfaGVpZ2h0IjoiNCJ9LCIxMzc2M19pIjp7InNpbmdsZV93aWR0aCI6IjQiLCJzaW5nbGVfaGVpZ2h0IjoiNCJ9LCIxMzc2Nl9pIjp7InNpbmdsZV93aWR0aCI6IjQiLCJzaW5nbGVfaGVpZ2h0IjoiNCJ9LCI4MDE0OF9pIjp7InNpbmdsZV93aWR0aCI6IjQiLCJzaW5nbGVfaGVpZ2h0IjoiNCJ9LCI4MDE1NF9pIjp7InNpbmdsZV93aWR0aCI6IjQiLCJzaW5nbGVfaGVpZ2h0IjoiNCJ9LCI4MDE2MV9pIjp7InNpbmdsZV93aWR0aCI6IjQiLCJzaW5nbGVfaGVpZ2h0IjoiMyJ9LCI4MDE2Ml9pIjp7InNpbmdsZV93aWR0aCI6IjQiLCJzaW5nbGVfaGVpZ2h0IjoiNSJ9LCI4MDE3Nl9pIjp7InNpbmdsZV9oZWlnaHQiOiIyIn0sIjgwMTc1X2kiOnsic2luZ2xlX2hlaWdodCI6IjEifSwiODAxNTNfaSI6eyJzaW5nbGVfaGVpZ2h0IjoiMyJ9fQ==&#8221; uncode_shortcode_id=&#8221;158487&#8243; title=&#8221;Equipo&#8221; gallery_back_color_type=&#8221;uncode-palette&#8221;][\/vc_column][\/vc_row][vc_row unlock_row_content=&#8221;yes&#8221; row_height_percent=&#8221;0&#8243; overlay_alpha=&#8221;50&#8243; gutter_size=&#8221;3&#8243; column_width_percent=&#8221;100&#8243; shift_y=&#8221;0&#8243; z_index=&#8221;0&#8243; uncode_shortcode_id=&#8221;535188&#8243;][vc_column column_width_percent=&#8221;100&#8243; align_horizontal=&#8221;align_center&#8221; gutter_size=&#8221;4&#8243; overlay_alpha=&#8221;50&#8243; shift_x=&#8221;0&#8243; shift_y=&#8221;0&#8243; shift_y_down=&#8221;0&#8243; z_index=&#8221;0&#8243; medium_width=&#8221;0&#8243; mobile_width=&#8221;0&#8243; width=&#8221;1\/1&#8243; uncode_shortcode_id=&#8221;619563&#8243;][vc_button size=&#8221;btn-xl&#8221; border_width=&#8221;0&#8243; link=&#8221;url:https%3A%2F%2Fwww.fincafuentillezjos.com%2Fcomprar-queso-ecologico-de-oveja%2F|title:Shop&#8221; uncode_shortcode_id=&#8221;115659&#8243;]Go to store[\/vc_button][\/vc_column][\/vc_row]<\/p>\n<\/div>","protected":false},"excerpt":{"rendered":"<p>[vc_row unlock_row_content=&#8221;yes&#8221; row_height_percent=&#8221;0&#8243; override_padding=&#8221;yes&#8221; h_padding=&#8221;2&#8243; top_padding=&#8221;4&#8243; bottom_padding=&#8221;4&#8243; back_color=&#8221;color-xsdn&#8221; overlay_color=&#8221;color-xsdn&#8221; overlay_alpha=&#8221;95&#8243; gutter_size=&#8221;3&#8243; column_width_percent=&#8221;100&#8243; shift_y=&#8221;0&#8243; z_index=&#8221;0&#8243; el_class=&#8221;cont-dest-home&#8221;][vc_column column_width_percent=&#8221;75&#8243; position_vertical=&#8221;middle&#8221; align_horizontal=&#8221;align_center&#8221; gutter_size=&#8221;3&#8243; overlay_alpha=&#8221;50&#8243; [&hellip;]<\/p>\n","protected":false},"author":1,"featured_media":81893,"parent":0,"menu_order":0,"comment_status":"closed","ping_status":"closed","template":"","meta":{"footnotes":""},"class_list":["post-81943","page","type-page","status-publish","has-post-thumbnail","hentry","page_category-classic-en"],"yoast_head":"<!-- This site is optimized with the Yoast SEO plugin v26.4 - https:\/\/yoast.com\/wordpress\/plugins\/seo\/ -->\n<title>Who are we? - Finca Fuentillezjos: Queso Ecol\u00f3gico de Oveja<\/title>\n<meta name=\"description\" content=\"Somos una Familia la que formamos la Finca Fuentillezjos, elaboramos quesos de oveja ecol\u00f3gicos, con mimo, respeto, honestidad e ilusi\u00f3n.\" \/>\n<meta name=\"robots\" content=\"index, follow, max-snippet:-1, max-image-preview:large, max-video-preview:-1\" \/>\n<link rel=\"canonical\" href=\"https:\/\/www.fincafuentillezjos.com\/en\/who-are-we\/\" \/>\n<meta property=\"og:locale\" content=\"en_US\" \/>\n<meta property=\"og:type\" content=\"article\" \/>\n<meta property=\"og:title\" content=\"Who are we? - Finca Fuentillezjos: Queso Ecol\u00f3gico de Oveja\" \/>\n<meta property=\"og:description\" content=\"Somos una Familia la que formamos la Finca Fuentillezjos, elaboramos quesos de oveja ecol\u00f3gicos, con mimo, respeto, honestidad e ilusi\u00f3n.\" \/>\n<meta property=\"og:url\" content=\"https:\/\/www.fincafuentillezjos.com\/en\/who-are-we\/\" \/>\n<meta property=\"og:site_name\" content=\"Finca Fuentillezjos: Queso Ecol\u00f3gico de Oveja\" \/>\n<meta property=\"article:modified_time\" content=\"2022-06-30T08:42:01+00:00\" \/>\n<meta property=\"og:image\" content=\"https:\/\/www.fincafuentillezjos.com\/wp-content\/uploads\/2020\/03\/dest-template.jpg\" \/>\n\t<meta property=\"og:image:width\" content=\"300\" \/>\n\t<meta property=\"og:image:height\" content=\"300\" \/>\n\t<meta property=\"og:image:type\" content=\"image\/jpeg\" \/>\n<meta name=\"twitter:card\" content=\"summary_large_image\" \/>\n<meta name=\"twitter:label1\" content=\"Est. reading time\" \/>\n\t<meta name=\"twitter:data1\" content=\"3 minutes\" \/>\n<script type=\"application\/ld+json\" class=\"yoast-schema-graph\">{\"@context\":\"https:\/\/schema.org\",\"@graph\":[{\"@type\":\"WebPage\",\"@id\":\"https:\/\/www.fincafuentillezjos.com\/en\/who-are-we\/\",\"url\":\"https:\/\/www.fincafuentillezjos.com\/en\/who-are-we\/\",\"name\":\"Who are we? - Finca Fuentillezjos: Queso Ecol\u00f3gico de Oveja\",\"isPartOf\":{\"@id\":\"https:\/\/www.fincafuentillezjos.com\/en\/#website\"},\"primaryImageOfPage\":{\"@id\":\"https:\/\/www.fincafuentillezjos.com\/en\/who-are-we\/#primaryimage\"},\"image\":{\"@id\":\"https:\/\/www.fincafuentillezjos.com\/en\/who-are-we\/#primaryimage\"},\"thumbnailUrl\":\"https:\/\/i0.wp.com\/www.fincafuentillezjos.com\/wp-content\/uploads\/2020\/03\/dest-template.jpg?fit=300%2C300&ssl=1\",\"datePublished\":\"2019-08-30T19:21:04+00:00\",\"dateModified\":\"2022-06-30T08:42:01+00:00\",\"description\":\"Somos una Familia la que formamos la Finca Fuentillezjos, elaboramos quesos de oveja ecol\u00f3gicos, con mimo, respeto, honestidad e ilusi\u00f3n.\",\"breadcrumb\":{\"@id\":\"https:\/\/www.fincafuentillezjos.com\/en\/who-are-we\/#breadcrumb\"},\"inLanguage\":\"en-US\",\"potentialAction\":[{\"@type\":\"ReadAction\",\"target\":[\"https:\/\/www.fincafuentillezjos.com\/en\/who-are-we\/\"]}]},{\"@type\":\"ImageObject\",\"inLanguage\":\"en-US\",\"@id\":\"https:\/\/www.fincafuentillezjos.com\/en\/who-are-we\/#primaryimage\",\"url\":\"https:\/\/i0.wp.com\/www.fincafuentillezjos.com\/wp-content\/uploads\/2020\/03\/dest-template.jpg?fit=300%2C300&ssl=1\",\"contentUrl\":\"https:\/\/i0.wp.com\/www.fincafuentillezjos.com\/wp-content\/uploads\/2020\/03\/dest-template.jpg?fit=300%2C300&ssl=1\",\"width\":300,\"height\":300},{\"@type\":\"BreadcrumbList\",\"@id\":\"https:\/\/www.fincafuentillezjos.com\/en\/who-are-we\/#breadcrumb\",\"itemListElement\":[{\"@type\":\"ListItem\",\"position\":1,\"name\":\"Portada\",\"item\":\"https:\/\/www.fincafuentillezjos.com\/en\/\"},{\"@type\":\"ListItem\",\"position\":2,\"name\":\"Who are we?\"}]},{\"@type\":\"WebSite\",\"@id\":\"https:\/\/www.fincafuentillezjos.com\/en\/#website\",\"url\":\"https:\/\/www.fincafuentillezjos.com\/en\/\",\"name\":\"Finca Fuentillezjos: Queso Ecol\u00f3gico de Oveja\",\"description\":\"Queso Ecol\u00f3gico de Oveja de la Finca Fuentillezjos\",\"publisher\":{\"@id\":\"https:\/\/www.fincafuentillezjos.com\/en\/#organization\"},\"potentialAction\":[{\"@type\":\"SearchAction\",\"target\":{\"@type\":\"EntryPoint\",\"urlTemplate\":\"https:\/\/www.fincafuentillezjos.com\/en\/?s={search_term_string}\"},\"query-input\":{\"@type\":\"PropertyValueSpecification\",\"valueRequired\":true,\"valueName\":\"search_term_string\"}}],\"inLanguage\":\"en-US\"},{\"@type\":\"Organization\",\"@id\":\"https:\/\/www.fincafuentillezjos.com\/en\/#organization\",\"name\":\"Finca Fuentillezjos | Manchego Bio\",\"url\":\"https:\/\/www.fincafuentillezjos.com\/en\/\",\"logo\":{\"@type\":\"ImageObject\",\"inLanguage\":\"en-US\",\"@id\":\"https:\/\/www.fincafuentillezjos.com\/en\/#\/schema\/logo\/image\/\",\"url\":\"https:\/\/www.fincafuentillezjos.com\/wp-content\/uploads\/2020\/05\/logo-header-bio.png\",\"contentUrl\":\"https:\/\/www.fincafuentillezjos.com\/wp-content\/uploads\/2020\/05\/logo-header-bio.png\",\"width\":478,\"height\":199,\"caption\":\"Finca Fuentillezjos | Manchego Bio\"},\"image\":{\"@id\":\"https:\/\/www.fincafuentillezjos.com\/en\/#\/schema\/logo\/image\/\"}}]}<\/script>\n<!-- \/ Yoast SEO plugin. -->","yoast_head_json":{"title":"Who are we? - Finca Fuentillezjos: Queso Ecol\u00f3gico de Oveja","description":"Somos una Familia la que formamos la Finca Fuentillezjos, elaboramos quesos de oveja ecol\u00f3gicos, con mimo, respeto, honestidad e ilusi\u00f3n.","robots":{"index":"index","follow":"follow","max-snippet":"max-snippet:-1","max-image-preview":"max-image-preview:large","max-video-preview":"max-video-preview:-1"},"canonical":"https:\/\/www.fincafuentillezjos.com\/en\/who-are-we\/","og_locale":"en_US","og_type":"article","og_title":"Who are we? - Finca Fuentillezjos: Queso Ecol\u00f3gico de Oveja","og_description":"Somos una Familia la que formamos la Finca Fuentillezjos, elaboramos quesos de oveja ecol\u00f3gicos, con mimo, respeto, honestidad e ilusi\u00f3n.","og_url":"https:\/\/www.fincafuentillezjos.com\/en\/who-are-we\/","og_site_name":"Finca Fuentillezjos: Queso Ecol\u00f3gico de Oveja","article_modified_time":"2022-06-30T08:42:01+00:00","og_image":[{"width":300,"height":300,"url":"https:\/\/www.fincafuentillezjos.com\/wp-content\/uploads\/2020\/03\/dest-template.jpg","type":"image\/jpeg"}],"twitter_card":"summary_large_image","twitter_misc":{"Est. reading time":"3 minutes"},"schema":{"@context":"https:\/\/schema.org","@graph":[{"@type":"WebPage","@id":"https:\/\/www.fincafuentillezjos.com\/en\/who-are-we\/","url":"https:\/\/www.fincafuentillezjos.com\/en\/who-are-we\/","name":"Who are we? - Finca Fuentillezjos: Queso Ecol\u00f3gico de Oveja","isPartOf":{"@id":"https:\/\/www.fincafuentillezjos.com\/en\/#website"},"primaryImageOfPage":{"@id":"https:\/\/www.fincafuentillezjos.com\/en\/who-are-we\/#primaryimage"},"image":{"@id":"https:\/\/www.fincafuentillezjos.com\/en\/who-are-we\/#primaryimage"},"thumbnailUrl":"https:\/\/i0.wp.com\/www.fincafuentillezjos.com\/wp-content\/uploads\/2020\/03\/dest-template.jpg?fit=300%2C300&ssl=1","datePublished":"2019-08-30T19:21:04+00:00","dateModified":"2022-06-30T08:42:01+00:00","description":"Somos una Familia la que formamos la Finca Fuentillezjos, elaboramos quesos de oveja ecol\u00f3gicos, con mimo, respeto, honestidad e ilusi\u00f3n.","breadcrumb":{"@id":"https:\/\/www.fincafuentillezjos.com\/en\/who-are-we\/#breadcrumb"},"inLanguage":"en-US","potentialAction":[{"@type":"ReadAction","target":["https:\/\/www.fincafuentillezjos.com\/en\/who-are-we\/"]}]},{"@type":"ImageObject","inLanguage":"en-US","@id":"https:\/\/www.fincafuentillezjos.com\/en\/who-are-we\/#primaryimage","url":"https:\/\/i0.wp.com\/www.fincafuentillezjos.com\/wp-content\/uploads\/2020\/03\/dest-template.jpg?fit=300%2C300&ssl=1","contentUrl":"https:\/\/i0.wp.com\/www.fincafuentillezjos.com\/wp-content\/uploads\/2020\/03\/dest-template.jpg?fit=300%2C300&ssl=1","width":300,"height":300},{"@type":"BreadcrumbList","@id":"https:\/\/www.fincafuentillezjos.com\/en\/who-are-we\/#breadcrumb","itemListElement":[{"@type":"ListItem","position":1,"name":"Portada","item":"https:\/\/www.fincafuentillezjos.com\/en\/"},{"@type":"ListItem","position":2,"name":"Who are we?"}]},{"@type":"WebSite","@id":"https:\/\/www.fincafuentillezjos.com\/en\/#website","url":"https:\/\/www.fincafuentillezjos.com\/en\/","name":"Finca Fuentillezjos: Queso Ecol\u00f3gico de Oveja","description":"Queso Ecol\u00f3gico de Oveja de la Finca Fuentillezjos","publisher":{"@id":"https:\/\/www.fincafuentillezjos.com\/en\/#organization"},"potentialAction":[{"@type":"SearchAction","target":{"@type":"EntryPoint","urlTemplate":"https:\/\/www.fincafuentillezjos.com\/en\/?s={search_term_string}"},"query-input":{"@type":"PropertyValueSpecification","valueRequired":true,"valueName":"search_term_string"}}],"inLanguage":"en-US"},{"@type":"Organization","@id":"https:\/\/www.fincafuentillezjos.com\/en\/#organization","name":"Finca Fuentillezjos | Manchego Bio","url":"https:\/\/www.fincafuentillezjos.com\/en\/","logo":{"@type":"ImageObject","inLanguage":"en-US","@id":"https:\/\/www.fincafuentillezjos.com\/en\/#\/schema\/logo\/image\/","url":"https:\/\/www.fincafuentillezjos.com\/wp-content\/uploads\/2020\/05\/logo-header-bio.png","contentUrl":"https:\/\/www.fincafuentillezjos.com\/wp-content\/uploads\/2020\/05\/logo-header-bio.png","width":478,"height":199,"caption":"Finca Fuentillezjos | Manchego Bio"},"image":{"@id":"https:\/\/www.fincafuentillezjos.com\/en\/#\/schema\/logo\/image\/"}}]}},"jetpack_sharing_enabled":true,"_links":{"self":[{"href":"https:\/\/www.fincafuentillezjos.com\/en\/wp-json\/wp\/v2\/pages\/81943","targetHints":{"allow":["GET"]}}],"collection":[{"href":"https:\/\/www.fincafuentillezjos.com\/en\/wp-json\/wp\/v2\/pages"}],"about":[{"href":"https:\/\/www.fincafuentillezjos.com\/en\/wp-json\/wp\/v2\/types\/page"}],"author":[{"embeddable":true,"href":"https:\/\/www.fincafuentillezjos.com\/en\/wp-json\/wp\/v2\/users\/1"}],"replies":[{"embeddable":true,"href":"https:\/\/www.fincafuentillezjos.com\/en\/wp-json\/wp\/v2\/comments?post=81943"}],"version-history":[{"count":12,"href":"https:\/\/www.fincafuentillezjos.com\/en\/wp-json\/wp\/v2\/pages\/81943\/revisions"}],"predecessor-version":[{"id":84771,"href":"https:\/\/www.fincafuentillezjos.com\/en\/wp-json\/wp\/v2\/pages\/81943\/revisions\/84771"}],"wp:featuredmedia":[{"embeddable":true,"href":"https:\/\/www.fincafuentillezjos.com\/en\/wp-json\/wp\/v2\/media\/81893"}],"wp:attachment":[{"href":"https:\/\/www.fincafuentillezjos.com\/en\/wp-json\/wp\/v2\/media?parent=81943"}],"curies":[{"name":"wp","href":"https:\/\/api.w.org\/{rel}","templated":true}]}}